{"id":4585,"date":"2025-09-10T06:28:53","date_gmt":"2025-09-10T06:28:53","guid":{"rendered":"https:\/\/rebranding-africa.com\/?post_type=speaker&#038;p=4585"},"modified":"2025-09-12T08:41:46","modified_gmt":"2025-09-12T08:41:46","slug":"mr-jose-maria-pereira-neves","status":"publish","type":"speaker","link":"https:\/\/rebranding-africa.com\/nl\/speaker\/mr-jose-maria-pereira-neves\/","title":{"rendered":"Mr. Jos\u00e9 Maria Pereira Neves"},"content":{"rendered":"\t\t<div data-elementor-type=\"wp-post\" data-elementor-id=\"4585\" class=\"elementor elementor-4585\" data-elementor-post-type=\"speaker\">\n\t\t\t\t<div class=\"elementor-element elementor-element-f40805b section-1 e-flex e-con-boxed e-con e-parent\" data-id=\"f40805b\" data-element_type=\"container\" data-e-type=\"container\">\n\t\t\t\t\t<div class=\"e-con-inner\">\n\t\t<div class=\"elementor-element elementor-element-ca14c14 e-con-full e-flex e-con e-child\" data-id=\"ca14c14\" data-element_type=\"container\" data-e-type=\"container\">\n\t\t\t\t<div class=\"elementor-element elementor-element-acca9a8 elementor-widget elementor-widget-image\" data-id=\"acca9a8\" data-element_type=\"widget\" data-e-type=\"widget\" data-settings=\"{&quot;sticky&quot;:&quot;top&quot;,&quot;sticky_on&quot;:[&quot;tablet&quot;],&quot;sticky_offset_tablet&quot;:70,&quot;sticky_parent&quot;:&quot;yes&quot;,&quot;sticky_offset&quot;:0,&quot;sticky_effects_offset&quot;:0,&quot;sticky_anchor_link_offset&quot;:0}\" data-widget_type=\"image.default\">\n\t\t\t\t\t\t\t\t\t\t\t\t\t\t\t<img fetchpriority=\"high\" decoding=\"async\" width=\"800\" height=\"781\" src=\"https:\/\/rebranding-africa.com\/wp-content\/uploads\/2025\/09\/Mr.-Jose-Maria-Pereira-Neves.webp\" class=\"attachment-large size-large wp-image-4579\" alt=\"\" srcset=\"https:\/\/rebranding-africa.com\/wp-content\/uploads\/2025\/09\/Mr.-Jose-Maria-Pereira-Neves.webp 852w, https:\/\/rebranding-africa.com\/wp-content\/uploads\/2025\/09\/Mr.-Jose-Maria-Pereira-Neves-300x293.webp 300w, https:\/\/rebranding-africa.com\/wp-content\/uploads\/2025\/09\/Mr.-Jose-Maria-Pereira-Neves-768x750.webp 768w, https:\/\/rebranding-africa.com\/wp-content\/uploads\/2025\/09\/Mr.-Jose-Maria-Pereira-Neves-200x195.webp 200w\" sizes=\"(max-width: 800px) 100vw, 800px\" \/>\t\t\t\t\t\t\t\t\t\t\t\t\t\t\t<\/div>\n\t\t\t\t<\/div>\n\t\t<div class=\"elementor-element elementor-element-6d12eb6 e-con-full e-flex e-con e-child\" data-id=\"6d12eb6\" data-element_type=\"container\" data-e-type=\"container\">\n\t\t\t\t<div class=\"elementor-element elementor-element-9c90144 titre-section-1 elementor-widget elementor-widget-heading\" data-id=\"9c90144\" data-element_type=\"widget\" data-e-type=\"widget\" data-widget_type=\"heading.default\">\n\t\t\t\t\t<h2 class=\"elementor-heading-title elementor-size-default\">Mr. Jos\u00e9 Maria Pereira Neves<\/h2>\t\t\t\t<\/div>\n\t\t\t\t<div class=\"elementor-element elementor-element-a48351f elementor-widget elementor-widget-n-accordion\" data-id=\"a48351f\" data-element_type=\"widget\" data-e-type=\"widget\" data-settings=\"{&quot;default_state&quot;:&quot;all_collapsed&quot;,&quot;max_items_expended&quot;:&quot;one&quot;,&quot;n_accordion_animation_duration&quot;:{&quot;unit&quot;:&quot;ms&quot;,&quot;size&quot;:400,&quot;sizes&quot;:[]}}\" data-widget_type=\"nested-accordion.default\">\n\t\t\t\t\t\t\t<div class=\"e-n-accordion\" aria-label=\"Accordion. Open links with Enter or Space, close with Escape, and navigate with Arrow Keys\">\n\t\t\t\t\t\t<details id=\"e-n-accordion-item-1720\" class=\"e-n-accordion-item\" >\n\t\t\t\t<summary class=\"e-n-accordion-item-title\" data-accordion-index=\"1\" tabindex=\"0\" aria-expanded=\"false\" aria-controls=\"e-n-accordion-item-1720\" >\n\t\t\t\t\t<span class='e-n-accordion-item-title-header'><div class=\"e-n-accordion-item-title-text\"> Jos\u00e9 Maria Pereira Neves was born in 1960 in Assomada <\/div><\/span>\n\t\t\t\t\t\t\t<span class='e-n-accordion-item-title-icon'>\n\t\t\t<span class='e-opened' ><i aria-hidden=\"true\" class=\"material-icons md-keyboard_arrow_up\"><\/i><\/span>\n\t\t\t<span class='e-closed'><i aria-hidden=\"true\" class=\"material-icons md-keyboard_arrow_down\"><\/i><\/span>\n\t\t<\/span>\n\n\t\t\t\t\t\t<\/summary>\n\t\t\t\t<div role=\"region\" aria-labelledby=\"e-n-accordion-item-1720\" class=\"elementor-element elementor-element-aa7e531 e-con-full e-flex e-con e-child\" data-id=\"aa7e531\" data-element_type=\"container\" data-e-type=\"container\">\n\t\t\t\t<div class=\"elementor-element elementor-element-1df5936 text-section-1 elementor-widget elementor-widget-text-editor\" data-id=\"1df5936\" data-element_type=\"widget\" data-e-type=\"widget\" data-widget_type=\"text-editor.default\">\n\t\t\t\t\t\t\t\t\t<p>Jos\u00e9 Maria Pereira Neves was born in 1960 in Assomada, on the island of Santiago. He received his early education in Santa Catarina and completed his secondary studies in Praia, at Liceu Domingos Ramos. He holds a bachelor\u2019s degree in public administration, earned with distinction, from the S\u00e3o Paulo School of Business Administration (EAESP) at the renowned Get\u00falio Vargas Foundation (FGV), Brazil. He is currently a doctoral candidate in Public Policy at ISCTE \u2013 University Institute of Lisbon (Instituto Universit\u00e1rio de Lisboa).<\/p><p>A professor at the University of Cabo Verde (Uni-CV), President Neves previously served as a technical officer at the Directorate-General for Studies and Administrative Reform (DGERA), and as Director of the National Centre for Training in Public Administration (CENFA).<\/p><p>His political career is marked by a steady and exemplary ascent through the national institutions of democratic governance. He served as Member of Parliament, Chair of the Committee on Public Administration, Local Government and Regional Development, Vice-President of the National Assembly, and Mayor of Santa Catarina.<\/p>\t\t\t\t\t\t\t\t<\/div>\n\t\t\t\t<\/div>\n\t\t\t\t\t<\/details>\n\t\t\t\t\t\t<details id=\"e-n-accordion-item-1721\" class=\"e-n-accordion-item\" >\n\t\t\t\t<summary class=\"e-n-accordion-item-title\" data-accordion-index=\"2\" tabindex=\"-1\" aria-expanded=\"false\" aria-controls=\"e-n-accordion-item-1721\" >\n\t\t\t\t\t<span class='e-n-accordion-item-title-header'><div class=\"e-n-accordion-item-title-text\"> In 2001, he became the youngest serving Prime Minister in Africa  <\/div><\/span>\n\t\t\t\t\t\t\t<span class='e-n-accordion-item-title-icon'>\n\t\t\t<span class='e-opened' ><i aria-hidden=\"true\" class=\"material-icons md-keyboard_arrow_up\"><\/i><\/span>\n\t\t\t<span class='e-closed'><i aria-hidden=\"true\" class=\"material-icons md-keyboard_arrow_down\"><\/i><\/span>\n\t\t<\/span>\n\n\t\t\t\t\t\t<\/summary>\n\t\t\t\t<div role=\"region\" aria-labelledby=\"e-n-accordion-item-1721\" class=\"elementor-element elementor-element-07ed9fa e-con-full e-flex e-con e-child\" data-id=\"07ed9fa\" data-element_type=\"container\" data-e-type=\"container\">\n\t\t\t\t<div class=\"elementor-element elementor-element-2ac11d1 text-section-1 elementor-widget elementor-widget-text-editor\" data-id=\"2ac11d1\" data-element_type=\"widget\" data-e-type=\"widget\" data-widget_type=\"text-editor.default\">\n\t\t\t\t\t\t\t\t\t<p>In 2001, he became the youngest serving Prime Minister in Africa \u2014 a distinction that would presage fifteen years of steady, visionary, and reform-oriented leadership at the helm of government. During this period, he also presided over the African Party for the Independence of Cabo Verde (PAICV), securing three consecutive legislative victories with absolute majorities.<\/p><p>Under his premiership, Cabo Verde underwent a profound and multidimensional transformation. The country made historic strides in education, healthcare, infrastructure, renewable energy, information technology, and creative industries. It met most of the Millennium Development Goals, consolidated the rule of law and democratic governance, and ascended to middle-income country status. International rankings placed Cabo Verde consistently among the highest in Africa in terms of press freedom, democratic strength, and quality of governance.<\/p><p>As Head of the Executive Branch, Neves also led an ambitious agenda of structural reform, aimed at modernizing the governance architecture of the State. His administration introduced forward-looking reforms in digital governance, fiscal and budgetary systems, social security, regulatory frameworks, and the business environment \u2014 positioning Cabo Verde as a case study in institutional innovation. The World Bank notably recognized the country\u2019s achievements in reducing poverty and tackling social inequalities.\u00a0<\/p>\t\t\t\t\t\t\t\t<\/div>\n\t\t\t\t<\/div>\n\t\t\t\t\t<\/details>\n\t\t\t\t\t\t<details id=\"e-n-accordion-item-1722\" class=\"e-n-accordion-item\" >\n\t\t\t\t<summary class=\"e-n-accordion-item-title\" data-accordion-index=\"3\" tabindex=\"-1\" aria-expanded=\"false\" aria-controls=\"e-n-accordion-item-1722\" >\n\t\t\t\t\t<span class='e-n-accordion-item-title-header'><div class=\"e-n-accordion-item-title-text\"> His overarching vision was to transform Cabo Verde into an international service and connectivity hub in the Atlantic <\/div><\/span>\n\t\t\t\t\t\t\t<span class='e-n-accordion-item-title-icon'>\n\t\t\t<span class='e-opened' ><i aria-hidden=\"true\" class=\"material-icons md-keyboard_arrow_up\"><\/i><\/span>\n\t\t\t<span class='e-closed'><i aria-hidden=\"true\" class=\"material-icons md-keyboard_arrow_down\"><\/i><\/span>\n\t\t<\/span>\n\n\t\t\t\t\t\t<\/summary>\n\t\t\t\t<div role=\"region\" aria-labelledby=\"e-n-accordion-item-1722\" class=\"elementor-element elementor-element-ee66cd7 e-con-full e-flex e-con e-child\" data-id=\"ee66cd7\" data-element_type=\"container\" data-e-type=\"container\">\n\t\t\t\t<div class=\"elementor-element elementor-element-23842a8 text-section-1 elementor-widget elementor-widget-text-editor\" data-id=\"23842a8\" data-element_type=\"widget\" data-e-type=\"widget\" data-widget_type=\"text-editor.default\">\n\t\t\t\t\t\t\t\t\t<p>His overarching vision was to transform Cabo Verde into an international service and connectivity hub in the Atlantic, with tourism as a strategic engine of economic diversification and inclusive development.<\/p><p>For his contributions to governance and public service, President Neves has been awarded honorary doctorates by the University of Santiago (Cabo Verde), the University of Rhode Island (USA), and C\u00e2ndido Mendes University (Brazil). In April 2024, he was also named Professor Honoris Causa by the <em>Instituto Superior de Lisboa e Vale do Tejo<\/em>.<\/p><p>His distinction on the international stage has been further underscored by numerous high-level honors and decorations, conferred in recognition of his exemplary statesmanship and public service. Among these are the Grand Cross of the Order of Rio Branco (Federative Republic of Brazil), the Grand Cross of the Order of the Lion (Republic of Senegal), the Grand Collar of the Order of Prince Henry (Portuguese Republic), the Knight of the Order of the Gold Lion of Nassau (Grand Duchy of Luxembourg), the Collar of the National Order of the Star of Romania (Romania), and the Medal of Merit Floriano Peixoto (State of Alagoas, Brazil). He has also been honored by the United Nations World Food Programme and the Get\u00falio Vargas Foundation in Brazil, in recognition of his unwavering commitment to good governance and his enduring contributions to inclusive and sustainable development.<\/p>\t\t\t\t\t\t\t\t<\/div>\n\t\t\t\t<\/div>\n\t\t\t\t\t<\/details>\n\t\t\t\t\t\t<details id=\"e-n-accordion-item-1723\" class=\"e-n-accordion-item\" >\n\t\t\t\t<summary class=\"e-n-accordion-item-title\" data-accordion-index=\"4\" tabindex=\"-1\" aria-expanded=\"false\" aria-controls=\"e-n-accordion-item-1723\" >\n\t\t\t\t\t<span class='e-n-accordion-item-title-header'><div class=\"e-n-accordion-item-title-text\"> President Neves is a published author and thinker <\/div><\/span>\n\t\t\t\t\t\t\t<span class='e-n-accordion-item-title-icon'>\n\t\t\t<span class='e-opened' ><i aria-hidden=\"true\" class=\"material-icons md-keyboard_arrow_up\"><\/i><\/span>\n\t\t\t<span class='e-closed'><i aria-hidden=\"true\" class=\"material-icons md-keyboard_arrow_down\"><\/i><\/span>\n\t\t<\/span>\n\n\t\t\t\t\t\t<\/summary>\n\t\t\t\t<div role=\"region\" aria-labelledby=\"e-n-accordion-item-1723\" class=\"elementor-element elementor-element-dfbe6c6 e-con-full e-flex e-con e-child\" data-id=\"dfbe6c6\" data-element_type=\"container\" data-e-type=\"container\">\n\t\t\t\t<div class=\"elementor-element elementor-element-94b43d6 text-section-1 elementor-widget elementor-widget-text-editor\" data-id=\"94b43d6\" data-element_type=\"widget\" data-e-type=\"widget\" data-widget_type=\"text-editor.default\">\n\t\t\t\t\t\t\t\t\t<p>President Neves is a published author and thinker. His writings include An Agenda for Cabo Verde\u2019s Transformation (2010), Cabo Verde: Managing the Impossible (2015), A Future to Build (co-authored with Francisco Pinto Balsem\u00e3o, 2018), and Times of Pandemic (2020). In recent years, he has published the presidential trilogy In the Service of the Common Good \u2014 Volumes I (2022), II (2023), and III (2024), compiling the most emblematic speeches from the first three years of his mandate.<\/p><p>He was elected President of the Republic of Cabo Verde in 2021, winning in the first round against six other candidates. His campaign was anchored in a vision of moral authority, institutional renewal, and civic hope, promising a new beginning for the nation in the wake of the global pandemic. He was inaugurated on 9 November 2021.<\/p><p>In February 2023, he was designated African Union Champion for the Preservation of Africa\u2019s Natural and Cultural Heritage, a role through which he has promoted the safeguarding of the continent\u2019s rich but threatened legacies.<\/p><p>In June 2023, UNESCO appointed him Patron of the Ocean Decade Alliance, in recognition of his global advocacy for ocean protection, climate resilience, and the sustainable governance of marine ecosystems.<\/p><p>President Neves continues to be a compelling and respected voice in multilateral arenas, tirelessly advocating for the recognition of the existential vulnerabilities and structural asymmetries faced by Small Island Developing States (SIDS), and championing more just, resilient, and sustainable global governance frameworks.<\/p>\t\t\t\t\t\t\t\t<\/div>\n\t\t\t\t<\/div>\n\t\t\t\t\t<\/details>\n\t\t\t\t\t<\/div>\n\t\t\t\t\t\t<\/div>\n\t\t\t\t<\/div>\n\t\t\t\t\t<\/div>\n\t\t\t\t<\/div>\n\t\t\t\t<\/div>\n\t\t","protected":false},"excerpt":{"rendered":"<p>Mr. Jos\u00e9 Maria Pereira Neves Jos\u00e9 Maria Pereira Neves was born in 1960 in Assomada Jos\u00e9 Maria Pereira Neves was born in 1960 in Assomada, on the island of Santiago. He received his early education in Santa Catarina and completed his secondary studies in Praia, at Liceu Domingos Ramos. He holds a bachelor\u2019s degree in [&hellip;]<\/p>\n","protected":false},"featured_media":4579,"template":"","meta":{"_acf_changed":false},"class_list":["post-4585","speaker","type-speaker","status-publish","has-post-thumbnail","hentry"],"acf":[],"yoast_head":"<!-- This site is optimized with the Yoast SEO plugin v27.5 - https:\/\/yoast.com\/product\/yoast-seo-wordpress\/ -->\n<title>Mr. Jos\u00e9 Maria Pereira Neves - REBRANDING AFRICA FORUM<\/title>\n<meta name=\"robots\" content=\"index, follow, max-snippet:-1, max-image-preview:large, max-video-preview:-1\" \/>\n<link rel=\"canonical\" href=\"https:\/\/rebranding-africa.com\/nl\/speaker\/mr-jose-maria-pereira-neves\/\" \/>\n<meta property=\"og:locale\" content=\"nl_BE\" \/>\n<meta property=\"og:type\" content=\"article\" \/>\n<meta property=\"og:title\" content=\"Mr. Jos\u00e9 Maria Pereira Neves - REBRANDING AFRICA FORUM\" \/>\n<meta property=\"og:description\" content=\"Mr. Jos\u00e9 Maria Pereira Neves Jos\u00e9 Maria Pereira Neves was born in 1960 in Assomada Jos\u00e9 Maria Pereira Neves was born in 1960 in Assomada, on the island of Santiago. He received his early education in Santa Catarina and completed his secondary studies in Praia, at Liceu Domingos Ramos. He holds a bachelor\u2019s degree in [&hellip;]\" \/>\n<meta property=\"og:url\" content=\"https:\/\/rebranding-africa.com\/nl\/speaker\/mr-jose-maria-pereira-neves\/\" \/>\n<meta property=\"og:site_name\" content=\"REBRANDING AFRICA FORUM\" \/>\n<meta property=\"article:modified_time\" content=\"2025-09-12T08:41:46+00:00\" \/>\n<meta property=\"og:image\" content=\"https:\/\/rebranding-africa.com\/wp-content\/uploads\/2025\/09\/Mr.-Jose-Maria-Pereira-Neves.webp\" \/>\n\t<meta property=\"og:image:width\" content=\"852\" \/>\n\t<meta property=\"og:image:height\" content=\"832\" \/>\n\t<meta property=\"og:image:type\" content=\"image\/webp\" \/>\n<meta name=\"twitter:card\" content=\"summary_large_image\" \/>\n<meta name=\"twitter:label1\" content=\"Geschatte leestijd\" \/>\n\t<meta name=\"twitter:data1\" content=\"9 minuten\" \/>\n<script type=\"application\/ld+json\" class=\"yoast-schema-graph\">{\"@context\":\"https:\\\/\\\/schema.org\",\"@graph\":[{\"@type\":\"WebPage\",\"@id\":\"https:\\\/\\\/rebranding-africa.com\\\/speaker\\\/mr-jose-maria-pereira-neves\\\/\",\"url\":\"https:\\\/\\\/rebranding-africa.com\\\/speaker\\\/mr-jose-maria-pereira-neves\\\/\",\"name\":\"Mr. Jos\u00e9 Maria Pereira Neves - REBRANDING AFRICA FORUM\",\"isPartOf\":{\"@id\":\"https:\\\/\\\/rebranding-africa.com\\\/#website\"},\"primaryImageOfPage\":{\"@id\":\"https:\\\/\\\/rebranding-africa.com\\\/speaker\\\/mr-jose-maria-pereira-neves\\\/#primaryimage\"},\"image\":{\"@id\":\"https:\\\/\\\/rebranding-africa.com\\\/speaker\\\/mr-jose-maria-pereira-neves\\\/#primaryimage\"},\"thumbnailUrl\":\"https:\\\/\\\/rebranding-africa.com\\\/wp-content\\\/uploads\\\/2025\\\/09\\\/Mr.-Jose-Maria-Pereira-Neves.webp\",\"datePublished\":\"2025-09-10T06:28:53+00:00\",\"dateModified\":\"2025-09-12T08:41:46+00:00\",\"breadcrumb\":{\"@id\":\"https:\\\/\\\/rebranding-africa.com\\\/speaker\\\/mr-jose-maria-pereira-neves\\\/#breadcrumb\"},\"inLanguage\":\"nl-BE\",\"potentialAction\":[{\"@type\":\"ReadAction\",\"target\":[\"https:\\\/\\\/rebranding-africa.com\\\/speaker\\\/mr-jose-maria-pereira-neves\\\/\"]}]},{\"@type\":\"ImageObject\",\"inLanguage\":\"nl-BE\",\"@id\":\"https:\\\/\\\/rebranding-africa.com\\\/speaker\\\/mr-jose-maria-pereira-neves\\\/#primaryimage\",\"url\":\"https:\\\/\\\/rebranding-africa.com\\\/wp-content\\\/uploads\\\/2025\\\/09\\\/Mr.-Jose-Maria-Pereira-Neves.webp\",\"contentUrl\":\"https:\\\/\\\/rebranding-africa.com\\\/wp-content\\\/uploads\\\/2025\\\/09\\\/Mr.-Jose-Maria-Pereira-Neves.webp\",\"width\":852,\"height\":832},{\"@type\":\"BreadcrumbList\",\"@id\":\"https:\\\/\\\/rebranding-africa.com\\\/speaker\\\/mr-jose-maria-pereira-neves\\\/#breadcrumb\",\"itemListElement\":[{\"@type\":\"ListItem\",\"position\":1,\"name\":\"Accueil\",\"item\":\"https:\\\/\\\/rebranding-africa.com\\\/\"},{\"@type\":\"ListItem\",\"position\":2,\"name\":\"Mr. Jos\u00e9 Maria Pereira Neves\"}]},{\"@type\":\"WebSite\",\"@id\":\"https:\\\/\\\/rebranding-africa.com\\\/#website\",\"url\":\"https:\\\/\\\/rebranding-africa.com\\\/\",\"name\":\"REBRANDING AFRICA FORUM\",\"description\":\"\",\"publisher\":{\"@id\":\"https:\\\/\\\/rebranding-africa.com\\\/#organization\"},\"potentialAction\":[{\"@type\":\"SearchAction\",\"target\":{\"@type\":\"EntryPoint\",\"urlTemplate\":\"https:\\\/\\\/rebranding-africa.com\\\/?s={search_term_string}\"},\"query-input\":{\"@type\":\"PropertyValueSpecification\",\"valueRequired\":true,\"valueName\":\"search_term_string\"}}],\"inLanguage\":\"nl-BE\"},{\"@type\":\"Organization\",\"@id\":\"https:\\\/\\\/rebranding-africa.com\\\/#organization\",\"name\":\"REBRANDING AFRICA FORUM\",\"url\":\"https:\\\/\\\/rebranding-africa.com\\\/\",\"logo\":{\"@type\":\"ImageObject\",\"inLanguage\":\"nl-BE\",\"@id\":\"https:\\\/\\\/rebranding-africa.com\\\/#\\\/schema\\\/logo\\\/image\\\/\",\"url\":\"https:\\\/\\\/rebranding-africa.com\\\/wp-content\\\/uploads\\\/2025\\\/07\\\/Logo.webp\",\"contentUrl\":\"https:\\\/\\\/rebranding-africa.com\\\/wp-content\\\/uploads\\\/2025\\\/07\\\/Logo.webp\",\"width\":340,\"height\":149,\"caption\":\"REBRANDING AFRICA FORUM\"},\"image\":{\"@id\":\"https:\\\/\\\/rebranding-africa.com\\\/#\\\/schema\\\/logo\\\/image\\\/\"}}]}<\/script>\n<!-- \/ Yoast SEO plugin. -->","yoast_head_json":{"title":"Mr. Jos\u00e9 Maria Pereira Neves - REBRANDING AFRICA FORUM","robots":{"index":"index","follow":"follow","max-snippet":"max-snippet:-1","max-image-preview":"max-image-preview:large","max-video-preview":"max-video-preview:-1"},"canonical":"https:\/\/rebranding-africa.com\/nl\/speaker\/mr-jose-maria-pereira-neves\/","og_locale":"nl_BE","og_type":"article","og_title":"Mr. Jos\u00e9 Maria Pereira Neves - REBRANDING AFRICA FORUM","og_description":"Mr. Jos\u00e9 Maria Pereira Neves Jos\u00e9 Maria Pereira Neves was born in 1960 in Assomada Jos\u00e9 Maria Pereira Neves was born in 1960 in Assomada, on the island of Santiago. He received his early education in Santa Catarina and completed his secondary studies in Praia, at Liceu Domingos Ramos. He holds a bachelor\u2019s degree in [&hellip;]","og_url":"https:\/\/rebranding-africa.com\/nl\/speaker\/mr-jose-maria-pereira-neves\/","og_site_name":"REBRANDING AFRICA FORUM","article_modified_time":"2025-09-12T08:41:46+00:00","og_image":[{"width":852,"height":832,"url":"https:\/\/rebranding-africa.com\/wp-content\/uploads\/2025\/09\/Mr.-Jose-Maria-Pereira-Neves.webp","type":"image\/webp"}],"twitter_card":"summary_large_image","twitter_misc":{"Geschatte leestijd":"9 minuten"},"schema":{"@context":"https:\/\/schema.org","@graph":[{"@type":"WebPage","@id":"https:\/\/rebranding-africa.com\/speaker\/mr-jose-maria-pereira-neves\/","url":"https:\/\/rebranding-africa.com\/speaker\/mr-jose-maria-pereira-neves\/","name":"Mr. Jos\u00e9 Maria Pereira Neves - REBRANDING AFRICA FORUM","isPartOf":{"@id":"https:\/\/rebranding-africa.com\/#website"},"primaryImageOfPage":{"@id":"https:\/\/rebranding-africa.com\/speaker\/mr-jose-maria-pereira-neves\/#primaryimage"},"image":{"@id":"https:\/\/rebranding-africa.com\/speaker\/mr-jose-maria-pereira-neves\/#primaryimage"},"thumbnailUrl":"https:\/\/rebranding-africa.com\/wp-content\/uploads\/2025\/09\/Mr.-Jose-Maria-Pereira-Neves.webp","datePublished":"2025-09-10T06:28:53+00:00","dateModified":"2025-09-12T08:41:46+00:00","breadcrumb":{"@id":"https:\/\/rebranding-africa.com\/speaker\/mr-jose-maria-pereira-neves\/#breadcrumb"},"inLanguage":"nl-BE","potentialAction":[{"@type":"ReadAction","target":["https:\/\/rebranding-africa.com\/speaker\/mr-jose-maria-pereira-neves\/"]}]},{"@type":"ImageObject","inLanguage":"nl-BE","@id":"https:\/\/rebranding-africa.com\/speaker\/mr-jose-maria-pereira-neves\/#primaryimage","url":"https:\/\/rebranding-africa.com\/wp-content\/uploads\/2025\/09\/Mr.-Jose-Maria-Pereira-Neves.webp","contentUrl":"https:\/\/rebranding-africa.com\/wp-content\/uploads\/2025\/09\/Mr.-Jose-Maria-Pereira-Neves.webp","width":852,"height":832},{"@type":"BreadcrumbList","@id":"https:\/\/rebranding-africa.com\/speaker\/mr-jose-maria-pereira-neves\/#breadcrumb","itemListElement":[{"@type":"ListItem","position":1,"name":"Accueil","item":"https:\/\/rebranding-africa.com\/"},{"@type":"ListItem","position":2,"name":"Mr. Jos\u00e9 Maria Pereira Neves"}]},{"@type":"WebSite","@id":"https:\/\/rebranding-africa.com\/#website","url":"https:\/\/rebranding-africa.com\/","name":"REBRANDING AFRICA FORUM","description":"","publisher":{"@id":"https:\/\/rebranding-africa.com\/#organization"},"potentialAction":[{"@type":"SearchAction","target":{"@type":"EntryPoint","urlTemplate":"https:\/\/rebranding-africa.com\/?s={search_term_string}"},"query-input":{"@type":"PropertyValueSpecification","valueRequired":true,"valueName":"search_term_string"}}],"inLanguage":"nl-BE"},{"@type":"Organization","@id":"https:\/\/rebranding-africa.com\/#organization","name":"REBRANDING AFRICA FORUM","url":"https:\/\/rebranding-africa.com\/","logo":{"@type":"ImageObject","inLanguage":"nl-BE","@id":"https:\/\/rebranding-africa.com\/#\/schema\/logo\/image\/","url":"https:\/\/rebranding-africa.com\/wp-content\/uploads\/2025\/07\/Logo.webp","contentUrl":"https:\/\/rebranding-africa.com\/wp-content\/uploads\/2025\/07\/Logo.webp","width":340,"height":149,"caption":"REBRANDING AFRICA FORUM"},"image":{"@id":"https:\/\/rebranding-africa.com\/#\/schema\/logo\/image\/"}}]}},"_links":{"self":[{"href":"https:\/\/rebranding-africa.com\/nl\/wp-json\/wp\/v2\/speaker\/4585","targetHints":{"allow":["GET"]}}],"collection":[{"href":"https:\/\/rebranding-africa.com\/nl\/wp-json\/wp\/v2\/speaker"}],"about":[{"href":"https:\/\/rebranding-africa.com\/nl\/wp-json\/wp\/v2\/types\/speaker"}],"version-history":[{"count":105,"href":"https:\/\/rebranding-africa.com\/nl\/wp-json\/wp\/v2\/speaker\/4585\/revisions"}],"predecessor-version":[{"id":4716,"href":"https:\/\/rebranding-africa.com\/nl\/wp-json\/wp\/v2\/speaker\/4585\/revisions\/4716"}],"wp:featuredmedia":[{"embeddable":true,"href":"https:\/\/rebranding-africa.com\/nl\/wp-json\/wp\/v2\/media\/4579"}],"wp:attachment":[{"href":"https:\/\/rebranding-africa.com\/nl\/wp-json\/wp\/v2\/media?parent=4585"}],"curies":[{"name":"wp","href":"https:\/\/api.w.org\/{rel}","templated":true}]}}