{"id":4733,"date":"2025-09-12T08:55:08","date_gmt":"2025-09-12T08:55:08","guid":{"rendered":"https:\/\/rebranding-africa.com\/?post_type=speaker&#038;p=4733"},"modified":"2025-09-15T05:09:52","modified_gmt":"2025-09-15T05:09:52","slug":"prevost-jantchou","status":"publish","type":"speaker","link":"https:\/\/rebranding-africa.com\/nl\/speaker\/prevost-jantchou\/","title":{"rendered":"Prevost Jantchou"},"content":{"rendered":"\t\t<div data-elementor-type=\"wp-post\" data-elementor-id=\"4733\" class=\"elementor elementor-4733\" data-elementor-post-type=\"speaker\">\n\t\t\t\t<div class=\"elementor-element elementor-element-ec0e500 section-1 e-flex e-con-boxed e-con e-parent\" data-id=\"ec0e500\" data-element_type=\"container\" data-e-type=\"container\">\n\t\t\t\t\t<div class=\"e-con-inner\">\n\t\t<div class=\"elementor-element elementor-element-110f902 e-con-full e-flex e-con e-child\" data-id=\"110f902\" data-element_type=\"container\" data-e-type=\"container\">\n\t\t\t\t<div class=\"elementor-element elementor-element-280677a elementor-widget elementor-widget-image\" data-id=\"280677a\" data-element_type=\"widget\" data-e-type=\"widget\" data-settings=\"{&quot;sticky&quot;:&quot;top&quot;,&quot;sticky_on&quot;:[&quot;tablet&quot;],&quot;sticky_offset_tablet&quot;:70,&quot;sticky_parent&quot;:&quot;yes&quot;,&quot;sticky_offset&quot;:0,&quot;sticky_effects_offset&quot;:0,&quot;sticky_anchor_link_offset&quot;:0}\" data-widget_type=\"image.default\">\n\t\t\t\t\t\t\t\t\t\t\t\t\t\t\t<img fetchpriority=\"high\" decoding=\"async\" width=\"800\" height=\"838\" src=\"https:\/\/rebranding-africa.com\/wp-content\/uploads\/2025\/09\/2-Dr-Prevost-Jantchou-977x1024.jpg\" class=\"attachment-large size-large wp-image-4736\" alt=\"\" srcset=\"https:\/\/rebranding-africa.com\/wp-content\/uploads\/2025\/09\/2-Dr-Prevost-Jantchou-977x1024.jpg 977w, https:\/\/rebranding-africa.com\/wp-content\/uploads\/2025\/09\/2-Dr-Prevost-Jantchou-286x300.jpg 286w, https:\/\/rebranding-africa.com\/wp-content\/uploads\/2025\/09\/2-Dr-Prevost-Jantchou-768x805.jpg 768w, https:\/\/rebranding-africa.com\/wp-content\/uploads\/2025\/09\/2-Dr-Prevost-Jantchou-1466x1536.jpg 1466w, https:\/\/rebranding-africa.com\/wp-content\/uploads\/2025\/09\/2-Dr-Prevost-Jantchou-1954x2048.jpg 1954w, https:\/\/rebranding-africa.com\/wp-content\/uploads\/2025\/09\/2-Dr-Prevost-Jantchou-200x210.jpg 200w\" sizes=\"(max-width: 800px) 100vw, 800px\" \/>\t\t\t\t\t\t\t\t\t\t\t\t\t\t\t<\/div>\n\t\t\t\t<\/div>\n\t\t<div class=\"elementor-element elementor-element-9159df5 e-con-full e-flex e-con e-child\" data-id=\"9159df5\" data-element_type=\"container\" data-e-type=\"container\">\n\t\t\t\t<div class=\"elementor-element elementor-element-fe867e8 titre-section-1 elementor-widget elementor-widget-heading\" data-id=\"fe867e8\" data-element_type=\"widget\" data-e-type=\"widget\" data-widget_type=\"heading.default\">\n\t\t\t\t\t<h2 class=\"elementor-heading-title elementor-size-default\">Prevost Jantchou<\/h2>\t\t\t\t<\/div>\n\t\t\t\t<div class=\"elementor-element elementor-element-3f6bb4a elementor-widget elementor-widget-n-accordion\" data-id=\"3f6bb4a\" data-element_type=\"widget\" data-e-type=\"widget\" data-settings=\"{&quot;default_state&quot;:&quot;all_collapsed&quot;,&quot;max_items_expended&quot;:&quot;one&quot;,&quot;n_accordion_animation_duration&quot;:{&quot;unit&quot;:&quot;ms&quot;,&quot;size&quot;:400,&quot;sizes&quot;:[]}}\" data-widget_type=\"nested-accordion.default\">\n\t\t\t\t\t\t\t<div class=\"e-n-accordion\" aria-label=\"Accordion. Open links with Enter or Space, close with Escape, and navigate with Arrow Keys\">\n\t\t\t\t\t\t<details id=\"e-n-accordion-item-6650\" class=\"e-n-accordion-item\" >\n\t\t\t\t<summary class=\"e-n-accordion-item-title\" data-accordion-index=\"1\" tabindex=\"0\" aria-expanded=\"false\" aria-controls=\"e-n-accordion-item-6650\" >\n\t\t\t\t\t<span class='e-n-accordion-item-title-header'><div class=\"e-n-accordion-item-title-text\"> N\u00e9 \u00e0 Yaound\u00e9, Cameroun, le professeur Pr\u00e9vost Jantchou est un chercheur <\/div><\/span>\n\t\t\t\t\t\t\t<span class='e-n-accordion-item-title-icon'>\n\t\t\t<span class='e-opened' ><i aria-hidden=\"true\" class=\"material-icons md-keyboard_arrow_up\"><\/i><\/span>\n\t\t\t<span class='e-closed'><i aria-hidden=\"true\" class=\"material-icons md-keyboard_arrow_down\"><\/i><\/span>\n\t\t<\/span>\n\n\t\t\t\t\t\t<\/summary>\n\t\t\t\t<div role=\"region\" aria-labelledby=\"e-n-accordion-item-6650\" class=\"elementor-element elementor-element-32db01e e-con-full e-flex e-con e-child\" data-id=\"32db01e\" data-element_type=\"container\" data-e-type=\"container\">\n\t\t\t\t<div class=\"elementor-element elementor-element-68b43ec text-section-1 elementor-widget elementor-widget-text-editor\" data-id=\"68b43ec\" data-element_type=\"widget\" data-e-type=\"widget\" data-widget_type=\"text-editor.default\">\n\t\t\t\t\t\t\t\t\t<p>N\u00e9 \u00e0 Yaound\u00e9, Cameroun, le professeur Pr\u00e9vost Jantchou est un chercheur, enseignant et m\u00e9decin sp\u00e9cialiste en gastroent\u00e9rologie p\u00e9diatrique au CHU Sainte-Justine de Montr\u00e9al.<\/p><p>Le professeur Jantchou a eu un parcours tr\u00e8s inspirant en France avant d\u2019arriver \u00e0 Montr\u00e9al. En 2001, il obtient son doctorat de m\u00e9decine ainsi que son dipl\u00f4me d\u2019\u00e9tude sp\u00e9cialis\u00e9e en P\u00e9diatrie en France. Poursuivant sa recherche dans le domaine de la sant\u00e9 publique, il obtient une ma\u00eetrise en sant\u00e9 publique, suivie en 2010, d\u2019un Ph. D. en \u00e9pid\u00e9miologie, r\u00e9alis\u00e9 entre 2008 et 2010. En 2018, il termine une formation de M.B.A. \u00e0 l\u2019\u00c9cole HEC Montr\u00e9al.\u00a0<\/p>\t\t\t\t\t\t\t\t<\/div>\n\t\t\t\t<\/div>\n\t\t\t\t\t<\/details>\n\t\t\t\t\t\t<details id=\"e-n-accordion-item-6651\" class=\"e-n-accordion-item\" >\n\t\t\t\t<summary class=\"e-n-accordion-item-title\" data-accordion-index=\"2\" tabindex=\"-1\" aria-expanded=\"false\" aria-controls=\"e-n-accordion-item-6651\" >\n\t\t\t\t\t<span class='e-n-accordion-item-title-header'><div class=\"e-n-accordion-item-title-text\"> En 2011, il est recrut\u00e9 comme m\u00e9decin sp\u00e9cialiste au CHU Sainte-Justine  <\/div><\/span>\n\t\t\t\t\t\t\t<span class='e-n-accordion-item-title-icon'>\n\t\t\t<span class='e-opened' ><i aria-hidden=\"true\" class=\"material-icons md-keyboard_arrow_up\"><\/i><\/span>\n\t\t\t<span class='e-closed'><i aria-hidden=\"true\" class=\"material-icons md-keyboard_arrow_down\"><\/i><\/span>\n\t\t<\/span>\n\n\t\t\t\t\t\t<\/summary>\n\t\t\t\t<div role=\"region\" aria-labelledby=\"e-n-accordion-item-6651\" class=\"elementor-element elementor-element-ba0ab3c e-con-full e-flex e-con e-child\" data-id=\"ba0ab3c\" data-element_type=\"container\" data-e-type=\"container\">\n\t\t\t\t<div class=\"elementor-element elementor-element-f906005 text-section-1 elementor-widget elementor-widget-text-editor\" data-id=\"f906005\" data-element_type=\"widget\" data-e-type=\"widget\" data-widget_type=\"text-editor.default\">\n\t\t\t\t\t\t\t\t\t<p>En 2011, il est recrut\u00e9 comme m\u00e9decin sp\u00e9cialiste au CHU Sainte-Justine et professeur adjoint au D\u00e9partement de p\u00e9diatrie de l\u2019Universit\u00e9 de Montr\u00e9al, puis promu professeur agr\u00e9g\u00e9 de clinique en 2018, ensuite professeur titulaire de clinique en 2025.<\/p><p>Le professeur Jantchou m\u00e8ne une activit\u00e9 de recherche clinique au Centre de recherche du CHU Sainte-Justine, principalement sur les maladies inflammatoires intestinales en particulier les aspects \u00e9tiologiques et parcours de vie. Il a d\u00e9velopp\u00e9 une application IBDscores pour l\u2019\u00e9valuation de la s\u00e9v\u00e9rit\u00e9 des maladies inflammatoires intestinales et travaille sur un projet concernant le parcours de soins des adolescents atteints de maladie de Crohn et colite ulc\u00e9reuse bas\u00e9 sur une application num\u00e9rique de suivi de la maladie et l\u2019intelligence artificielle.<\/p><p>Le professeur Jantchou a supervis\u00e9 la formation de nombreux \u00e9tudiants \u00e0 tous les niveaux universitaires et publi\u00e9 plus de 50 articles scientifiques dans des revues avec comit\u00e9 de pairs.<\/p>\t\t\t\t\t\t\t\t<\/div>\n\t\t\t\t<\/div>\n\t\t\t\t\t<\/details>\n\t\t\t\t\t\t<details id=\"e-n-accordion-item-6652\" class=\"e-n-accordion-item\" >\n\t\t\t\t<summary class=\"e-n-accordion-item-title\" data-accordion-index=\"3\" tabindex=\"-1\" aria-expanded=\"false\" aria-controls=\"e-n-accordion-item-6652\" >\n\t\t\t\t\t<span class='e-n-accordion-item-title-header'><div class=\"e-n-accordion-item-title-text\"> Le professeur Jantchou est \u00e9galement membre du comit\u00e9 scientifique de l\u2019\u00e9thique \u00e0 la recherche du CHU Sainte-Justine et pr\u00e9sident du volet scientifique du comit\u00e9 d\u2019\u00e9thique \u00e0 la recherche de cet \u00e9tablissement.  <\/div><\/span>\n\t\t\t\t\t\t\t<span class='e-n-accordion-item-title-icon'>\n\t\t\t<span class='e-opened' ><i aria-hidden=\"true\" class=\"material-icons md-keyboard_arrow_up\"><\/i><\/span>\n\t\t\t<span class='e-closed'><i aria-hidden=\"true\" class=\"material-icons md-keyboard_arrow_down\"><\/i><\/span>\n\t\t<\/span>\n\n\t\t\t\t\t\t<\/summary>\n\t\t\t\t<div role=\"region\" aria-labelledby=\"e-n-accordion-item-6652\" class=\"elementor-element elementor-element-51451c2 e-con-full e-flex e-con e-child\" data-id=\"51451c2\" data-element_type=\"container\" data-e-type=\"container\">\n\t\t\t\t<div class=\"elementor-element elementor-element-9846906 text-section-1 elementor-widget elementor-widget-text-editor\" data-id=\"9846906\" data-element_type=\"widget\" data-e-type=\"widget\" data-widget_type=\"text-editor.default\">\n\t\t\t\t\t\t\t\t\t<p>Le professeur Jantchou est \u00e9galement membre du comit\u00e9 scientifique de l\u2019\u00e9thique \u00e0 la recherche du CHU Sainte-Justine et pr\u00e9sident du volet scientifique du comit\u00e9 d\u2019\u00e9thique \u00e0 la recherche de cet \u00e9tablissement. \u00c0 l\u2019\u00e9chelle nationale et internationale, il est membre actif du Canadian Children Inflammatory Bowel Disease Network et de plusieurs soci\u00e9t\u00e9s savantes, dont l&#8217;American Gastroenterology Association, la Soci\u00e9t\u00e9 Canadienne de Gastroent\u00e9rologie et le Groupe Francophone D\u2019H\u00e9patologie Gastroent\u00e9rologie et Nutrition P\u00e9diatrique.<\/p><p>Le professeur Jantchou est membre de la Soci\u00e9t\u00e9 Royale du Canada et r\u00e9cipiendaire de plusieurs prix et distinctions dont le prestigieux Prix <em>Media Engagement Award \u2013 Changemaker<\/em>\u00a0 du Medical Post en 2024 et le <em>Prix de reconnaissance du doyen<\/em> de la facult\u00e9 de m\u00e9decine de Universit\u00e9 de Montr\u00e9al en 2023.<\/p>\t\t\t\t\t\t\t\t<\/div>\n\t\t\t\t<\/div>\n\t\t\t\t\t<\/details>\n\t\t\t\t\t\t<details id=\"e-n-accordion-item-6653\" class=\"e-n-accordion-item\" >\n\t\t\t\t<summary class=\"e-n-accordion-item-title\" data-accordion-index=\"4\" tabindex=\"-1\" aria-expanded=\"false\" aria-controls=\"e-n-accordion-item-6653\" >\n\t\t\t\t\t<span class='e-n-accordion-item-title-header'><div class=\"e-n-accordion-item-title-text\"> Il est \u00e9galement le pr\u00e9sident fondateur de la Fondation INSPIRE <\/div><\/span>\n\t\t\t\t\t\t\t<span class='e-n-accordion-item-title-icon'>\n\t\t\t<span class='e-opened' ><i aria-hidden=\"true\" class=\"material-icons md-keyboard_arrow_up\"><\/i><\/span>\n\t\t\t<span class='e-closed'><i aria-hidden=\"true\" class=\"material-icons md-keyboard_arrow_down\"><\/i><\/span>\n\t\t<\/span>\n\n\t\t\t\t\t\t<\/summary>\n\t\t\t\t<div role=\"region\" aria-labelledby=\"e-n-accordion-item-6653\" class=\"elementor-element elementor-element-c78c541 e-con-full e-flex e-con e-child\" data-id=\"c78c541\" data-element_type=\"container\" data-e-type=\"container\">\n\t\t\t\t<div class=\"elementor-element elementor-element-96a42f9 text-section-1 elementor-widget elementor-widget-text-editor\" data-id=\"96a42f9\" data-element_type=\"widget\" data-e-type=\"widget\" data-widget_type=\"text-editor.default\">\n\t\t\t\t\t\t\t\t\t<p>Il est \u00e9galement le pr\u00e9sident fondateur de la Fondation INSPIRE, un organisme canadien d\u00e9di\u00e9 \u00e0 accompagner la jeunesse afrodescendante pour faciliter leur acc\u00e8s \u00e0 diverses \u00a0carri\u00e8res et m\u00e9tiers. \u00c0 travers cette mission, l\u2019organisme contribue \u00e0 l\u2019\u00e9quit\u00e9, \u00e0 la diversit\u00e9 et \u00e0 l&#8217;inclusion dans les domaines de la sant\u00e9 et de la recherche.<\/p><p>Enfin, le professeur Jantchou est aussi \u00a0auteur et conf\u00e9rencier TEDx. Ses succ\u00e8s d\u00e9passent largement ses r\u00e9alisations acad\u00e9miques et professionnelles. Vulgarisateur m\u00e9dical hors pair, il est suivi par plus de 500.000 abonn\u00e9s sur les r\u00e9seaux sociaux, et ses vid\u00e9os et conf\u00e9rences en ligne inspirent et \u00e9duquent un public large et vari\u00e9.<\/p>\t\t\t\t\t\t\t\t<\/div>\n\t\t\t\t<\/div>\n\t\t\t\t\t<\/details>\n\t\t\t\t\t<\/div>\n\t\t\t\t\t\t<\/div>\n\t\t\t\t<\/div>\n\t\t\t\t\t<\/div>\n\t\t\t\t<\/div>\n\t\t\t\t<\/div>\n\t\t","protected":false},"excerpt":{"rendered":"<p>N\u00e9 \u00e0 Yaound\u00e9, Cameroun, le professeur Pr\u00e9vost Jantchou est un chercheur N\u00e9 \u00e0 Yaound\u00e9, Cameroun, le professeur Pr\u00e9vost Jantchou est un chercheur, enseignant et m\u00e9decin sp\u00e9cialiste en gastroent\u00e9rologie p\u00e9diatrique au CHU Sainte-Justine de Montr\u00e9al. Le professeur Jantchou a eu un parcours tr\u00e8s inspirant en France avant d\u2019arriver \u00e0 Montr\u00e9al. En 2001, il obtient son doctorat [&hellip;]<\/p>\n","protected":false},"featured_media":0,"template":"","meta":{"_acf_changed":false},"class_list":["post-4733","speaker","type-speaker","status-publish","hentry"],"acf":[],"yoast_head":"<!-- This site is optimized with the Yoast SEO plugin v27.5 - https:\/\/yoast.com\/product\/yoast-seo-wordpress\/ -->\n<title>Prevost Jantchou - REBRANDING AFRICA FORUM<\/title>\n<meta name=\"robots\" content=\"index, follow, max-snippet:-1, max-image-preview:large, max-video-preview:-1\" \/>\n<link rel=\"canonical\" href=\"https:\/\/rebranding-africa.com\/nl\/speaker\/prevost-jantchou\/\" \/>\n<meta property=\"og:locale\" content=\"nl_BE\" \/>\n<meta property=\"og:type\" content=\"article\" \/>\n<meta property=\"og:title\" content=\"Prevost Jantchou - REBRANDING AFRICA FORUM\" \/>\n<meta property=\"og:description\" content=\"N\u00e9 \u00e0 Yaound\u00e9, Cameroun, le professeur Pr\u00e9vost Jantchou est un chercheur N\u00e9 \u00e0 Yaound\u00e9, Cameroun, le professeur Pr\u00e9vost Jantchou est un chercheur, enseignant et m\u00e9decin sp\u00e9cialiste en gastroent\u00e9rologie p\u00e9diatrique au CHU Sainte-Justine de Montr\u00e9al. Le professeur Jantchou a eu un parcours tr\u00e8s inspirant en France avant d\u2019arriver \u00e0 Montr\u00e9al. En 2001, il obtient son doctorat [&hellip;]\" \/>\n<meta property=\"og:url\" content=\"https:\/\/rebranding-africa.com\/nl\/speaker\/prevost-jantchou\/\" \/>\n<meta property=\"og:site_name\" content=\"REBRANDING AFRICA FORUM\" \/>\n<meta property=\"article:modified_time\" content=\"2025-09-15T05:09:52+00:00\" \/>\n<meta property=\"og:image\" content=\"https:\/\/rebranding-africa.com\/wp-content\/uploads\/2025\/09\/2-Dr-Prevost-Jantchou-scaled.jpg\" \/>\n\t<meta property=\"og:image:width\" content=\"2443\" \/>\n\t<meta property=\"og:image:height\" content=\"2560\" \/>\n\t<meta property=\"og:image:type\" content=\"image\/jpeg\" \/>\n<meta name=\"twitter:card\" content=\"summary_large_image\" \/>\n<meta name=\"twitter:label1\" content=\"Geschatte leestijd\" \/>\n\t<meta name=\"twitter:data1\" content=\"7 minuten\" \/>\n<script type=\"application\/ld+json\" class=\"yoast-schema-graph\">{\"@context\":\"https:\\\/\\\/schema.org\",\"@graph\":[{\"@type\":\"WebPage\",\"@id\":\"https:\\\/\\\/rebranding-africa.com\\\/speaker\\\/prevost-jantchou\\\/\",\"url\":\"https:\\\/\\\/rebranding-africa.com\\\/speaker\\\/prevost-jantchou\\\/\",\"name\":\"Prevost Jantchou - REBRANDING AFRICA FORUM\",\"isPartOf\":{\"@id\":\"https:\\\/\\\/rebranding-africa.com\\\/#website\"},\"primaryImageOfPage\":{\"@id\":\"https:\\\/\\\/rebranding-africa.com\\\/speaker\\\/prevost-jantchou\\\/#primaryimage\"},\"image\":{\"@id\":\"https:\\\/\\\/rebranding-africa.com\\\/speaker\\\/prevost-jantchou\\\/#primaryimage\"},\"thumbnailUrl\":\"https:\\\/\\\/rebranding-africa.com\\\/wp-content\\\/uploads\\\/2025\\\/09\\\/2-Dr-Prevost-Jantchou-977x1024.jpg\",\"datePublished\":\"2025-09-12T08:55:08+00:00\",\"dateModified\":\"2025-09-15T05:09:52+00:00\",\"breadcrumb\":{\"@id\":\"https:\\\/\\\/rebranding-africa.com\\\/speaker\\\/prevost-jantchou\\\/#breadcrumb\"},\"inLanguage\":\"nl-BE\",\"potentialAction\":[{\"@type\":\"ReadAction\",\"target\":[\"https:\\\/\\\/rebranding-africa.com\\\/speaker\\\/prevost-jantchou\\\/\"]}]},{\"@type\":\"ImageObject\",\"inLanguage\":\"nl-BE\",\"@id\":\"https:\\\/\\\/rebranding-africa.com\\\/speaker\\\/prevost-jantchou\\\/#primaryimage\",\"url\":\"https:\\\/\\\/rebranding-africa.com\\\/wp-content\\\/uploads\\\/2025\\\/09\\\/2-Dr-Prevost-Jantchou-977x1024.jpg\",\"contentUrl\":\"https:\\\/\\\/rebranding-africa.com\\\/wp-content\\\/uploads\\\/2025\\\/09\\\/2-Dr-Prevost-Jantchou-977x1024.jpg\"},{\"@type\":\"BreadcrumbList\",\"@id\":\"https:\\\/\\\/rebranding-africa.com\\\/speaker\\\/prevost-jantchou\\\/#breadcrumb\",\"itemListElement\":[{\"@type\":\"ListItem\",\"position\":1,\"name\":\"Accueil\",\"item\":\"https:\\\/\\\/rebranding-africa.com\\\/\"},{\"@type\":\"ListItem\",\"position\":2,\"name\":\"Prevost Jantchou\"}]},{\"@type\":\"WebSite\",\"@id\":\"https:\\\/\\\/rebranding-africa.com\\\/#website\",\"url\":\"https:\\\/\\\/rebranding-africa.com\\\/\",\"name\":\"REBRANDING AFRICA FORUM\",\"description\":\"\",\"publisher\":{\"@id\":\"https:\\\/\\\/rebranding-africa.com\\\/#organization\"},\"potentialAction\":[{\"@type\":\"SearchAction\",\"target\":{\"@type\":\"EntryPoint\",\"urlTemplate\":\"https:\\\/\\\/rebranding-africa.com\\\/?s={search_term_string}\"},\"query-input\":{\"@type\":\"PropertyValueSpecification\",\"valueRequired\":true,\"valueName\":\"search_term_string\"}}],\"inLanguage\":\"nl-BE\"},{\"@type\":\"Organization\",\"@id\":\"https:\\\/\\\/rebranding-africa.com\\\/#organization\",\"name\":\"REBRANDING AFRICA FORUM\",\"url\":\"https:\\\/\\\/rebranding-africa.com\\\/\",\"logo\":{\"@type\":\"ImageObject\",\"inLanguage\":\"nl-BE\",\"@id\":\"https:\\\/\\\/rebranding-africa.com\\\/#\\\/schema\\\/logo\\\/image\\\/\",\"url\":\"https:\\\/\\\/rebranding-africa.com\\\/wp-content\\\/uploads\\\/2025\\\/07\\\/Logo.webp\",\"contentUrl\":\"https:\\\/\\\/rebranding-africa.com\\\/wp-content\\\/uploads\\\/2025\\\/07\\\/Logo.webp\",\"width\":340,\"height\":149,\"caption\":\"REBRANDING AFRICA FORUM\"},\"image\":{\"@id\":\"https:\\\/\\\/rebranding-africa.com\\\/#\\\/schema\\\/logo\\\/image\\\/\"}}]}<\/script>\n<!-- \/ Yoast SEO plugin. -->","yoast_head_json":{"title":"Prevost Jantchou - REBRANDING AFRICA FORUM","robots":{"index":"index","follow":"follow","max-snippet":"max-snippet:-1","max-image-preview":"max-image-preview:large","max-video-preview":"max-video-preview:-1"},"canonical":"https:\/\/rebranding-africa.com\/nl\/speaker\/prevost-jantchou\/","og_locale":"nl_BE","og_type":"article","og_title":"Prevost Jantchou - REBRANDING AFRICA FORUM","og_description":"N\u00e9 \u00e0 Yaound\u00e9, Cameroun, le professeur Pr\u00e9vost Jantchou est un chercheur N\u00e9 \u00e0 Yaound\u00e9, Cameroun, le professeur Pr\u00e9vost Jantchou est un chercheur, enseignant et m\u00e9decin sp\u00e9cialiste en gastroent\u00e9rologie p\u00e9diatrique au CHU Sainte-Justine de Montr\u00e9al. Le professeur Jantchou a eu un parcours tr\u00e8s inspirant en France avant d\u2019arriver \u00e0 Montr\u00e9al. En 2001, il obtient son doctorat [&hellip;]","og_url":"https:\/\/rebranding-africa.com\/nl\/speaker\/prevost-jantchou\/","og_site_name":"REBRANDING AFRICA FORUM","article_modified_time":"2025-09-15T05:09:52+00:00","og_image":[{"width":2443,"height":2560,"url":"https:\/\/rebranding-africa.com\/wp-content\/uploads\/2025\/09\/2-Dr-Prevost-Jantchou-scaled.jpg","type":"image\/jpeg"}],"twitter_card":"summary_large_image","twitter_misc":{"Geschatte leestijd":"7 minuten"},"schema":{"@context":"https:\/\/schema.org","@graph":[{"@type":"WebPage","@id":"https:\/\/rebranding-africa.com\/speaker\/prevost-jantchou\/","url":"https:\/\/rebranding-africa.com\/speaker\/prevost-jantchou\/","name":"Prevost Jantchou - REBRANDING AFRICA FORUM","isPartOf":{"@id":"https:\/\/rebranding-africa.com\/#website"},"primaryImageOfPage":{"@id":"https:\/\/rebranding-africa.com\/speaker\/prevost-jantchou\/#primaryimage"},"image":{"@id":"https:\/\/rebranding-africa.com\/speaker\/prevost-jantchou\/#primaryimage"},"thumbnailUrl":"https:\/\/rebranding-africa.com\/wp-content\/uploads\/2025\/09\/2-Dr-Prevost-Jantchou-977x1024.jpg","datePublished":"2025-09-12T08:55:08+00:00","dateModified":"2025-09-15T05:09:52+00:00","breadcrumb":{"@id":"https:\/\/rebranding-africa.com\/speaker\/prevost-jantchou\/#breadcrumb"},"inLanguage":"nl-BE","potentialAction":[{"@type":"ReadAction","target":["https:\/\/rebranding-africa.com\/speaker\/prevost-jantchou\/"]}]},{"@type":"ImageObject","inLanguage":"nl-BE","@id":"https:\/\/rebranding-africa.com\/speaker\/prevost-jantchou\/#primaryimage","url":"https:\/\/rebranding-africa.com\/wp-content\/uploads\/2025\/09\/2-Dr-Prevost-Jantchou-977x1024.jpg","contentUrl":"https:\/\/rebranding-africa.com\/wp-content\/uploads\/2025\/09\/2-Dr-Prevost-Jantchou-977x1024.jpg"},{"@type":"BreadcrumbList","@id":"https:\/\/rebranding-africa.com\/speaker\/prevost-jantchou\/#breadcrumb","itemListElement":[{"@type":"ListItem","position":1,"name":"Accueil","item":"https:\/\/rebranding-africa.com\/"},{"@type":"ListItem","position":2,"name":"Prevost Jantchou"}]},{"@type":"WebSite","@id":"https:\/\/rebranding-africa.com\/#website","url":"https:\/\/rebranding-africa.com\/","name":"REBRANDING AFRICA FORUM","description":"","publisher":{"@id":"https:\/\/rebranding-africa.com\/#organization"},"potentialAction":[{"@type":"SearchAction","target":{"@type":"EntryPoint","urlTemplate":"https:\/\/rebranding-africa.com\/?s={search_term_string}"},"query-input":{"@type":"PropertyValueSpecification","valueRequired":true,"valueName":"search_term_string"}}],"inLanguage":"nl-BE"},{"@type":"Organization","@id":"https:\/\/rebranding-africa.com\/#organization","name":"REBRANDING AFRICA FORUM","url":"https:\/\/rebranding-africa.com\/","logo":{"@type":"ImageObject","inLanguage":"nl-BE","@id":"https:\/\/rebranding-africa.com\/#\/schema\/logo\/image\/","url":"https:\/\/rebranding-africa.com\/wp-content\/uploads\/2025\/07\/Logo.webp","contentUrl":"https:\/\/rebranding-africa.com\/wp-content\/uploads\/2025\/07\/Logo.webp","width":340,"height":149,"caption":"REBRANDING AFRICA FORUM"},"image":{"@id":"https:\/\/rebranding-africa.com\/#\/schema\/logo\/image\/"}}]}},"_links":{"self":[{"href":"https:\/\/rebranding-africa.com\/nl\/wp-json\/wp\/v2\/speaker\/4733","targetHints":{"allow":["GET"]}}],"collection":[{"href":"https:\/\/rebranding-africa.com\/nl\/wp-json\/wp\/v2\/speaker"}],"about":[{"href":"https:\/\/rebranding-africa.com\/nl\/wp-json\/wp\/v2\/types\/speaker"}],"version-history":[{"count":7,"href":"https:\/\/rebranding-africa.com\/nl\/wp-json\/wp\/v2\/speaker\/4733\/revisions"}],"predecessor-version":[{"id":4859,"href":"https:\/\/rebranding-africa.com\/nl\/wp-json\/wp\/v2\/speaker\/4733\/revisions\/4859"}],"wp:attachment":[{"href":"https:\/\/rebranding-africa.com\/nl\/wp-json\/wp\/v2\/media?parent=4733"}],"curies":[{"name":"wp","href":"https:\/\/api.w.org\/{rel}","templated":true}]}}