{"id":4759,"date":"2025-09-12T10:27:41","date_gmt":"2025-09-12T10:27:41","guid":{"rendered":"https:\/\/rebranding-africa.com\/?post_type=speaker&#038;p=4759"},"modified":"2025-09-12T10:33:03","modified_gmt":"2025-09-12T10:33:03","slug":"thierno-seydou-diop","status":"publish","type":"speaker","link":"https:\/\/rebranding-africa.com\/nl\/speaker\/thierno-seydou-diop\/","title":{"rendered":"Thierno Seydou DIOP"},"content":{"rendered":"\t\t<div data-elementor-type=\"wp-post\" data-elementor-id=\"4759\" class=\"elementor elementor-4759\" data-elementor-post-type=\"speaker\">\n\t\t\t\t<div class=\"elementor-element elementor-element-ac3d0bf section-1 e-flex e-con-boxed e-con e-parent\" data-id=\"ac3d0bf\" data-element_type=\"container\" data-e-type=\"container\">\n\t\t\t\t\t<div class=\"e-con-inner\">\n\t\t<div class=\"elementor-element elementor-element-d9fd534 e-con-full e-flex e-con e-child\" data-id=\"d9fd534\" data-element_type=\"container\" data-e-type=\"container\">\n\t\t\t\t<div class=\"elementor-element elementor-element-2fb7f9d elementor-widget elementor-widget-image\" data-id=\"2fb7f9d\" data-element_type=\"widget\" data-e-type=\"widget\" data-settings=\"{&quot;sticky&quot;:&quot;top&quot;,&quot;sticky_on&quot;:[&quot;tablet&quot;],&quot;sticky_offset_tablet&quot;:70,&quot;sticky_parent&quot;:&quot;yes&quot;,&quot;sticky_offset&quot;:0,&quot;sticky_effects_offset&quot;:0,&quot;sticky_anchor_link_offset&quot;:0}\" data-widget_type=\"image.default\">\n\t\t\t\t\t\t\t\t\t\t\t\t\t\t\t<img fetchpriority=\"high\" decoding=\"async\" width=\"767\" height=\"1024\" src=\"https:\/\/rebranding-africa.com\/wp-content\/uploads\/2025\/09\/DIOP.webp\" class=\"attachment-large size-large wp-image-4072\" alt=\"\" srcset=\"https:\/\/rebranding-africa.com\/wp-content\/uploads\/2025\/09\/DIOP.webp 768w, https:\/\/rebranding-africa.com\/wp-content\/uploads\/2025\/09\/DIOP-225x300.webp 225w, https:\/\/rebranding-africa.com\/wp-content\/uploads\/2025\/09\/DIOP-200x267.webp 200w\" sizes=\"(max-width: 767px) 100vw, 767px\" \/>\t\t\t\t\t\t\t\t\t\t\t\t\t\t\t<\/div>\n\t\t\t\t<\/div>\n\t\t<div class=\"elementor-element elementor-element-376865a e-con-full e-flex e-con e-child\" data-id=\"376865a\" data-element_type=\"container\" data-e-type=\"container\">\n\t\t\t\t<div class=\"elementor-element elementor-element-ea632dc titre-section-1 elementor-widget elementor-widget-heading\" data-id=\"ea632dc\" data-element_type=\"widget\" data-e-type=\"widget\" data-widget_type=\"heading.default\">\n\t\t\t\t\t<h2 class=\"elementor-heading-title elementor-size-default\">Thierno Seydou DIOP<\/h2>\t\t\t\t<\/div>\n\t\t\t\t<div class=\"elementor-element elementor-element-49ce95f text-section-1 elementor-widget elementor-widget-text-editor\" data-id=\"49ce95f\" data-element_type=\"widget\" data-e-type=\"widget\" data-widget_type=\"text-editor.default\">\n\t\t\t\t\t\t\t\t\t<p>Thierno a \u00e9tudi\u00e9 le droit, la science politique et les relations internationales \u00e0 Paris (La Sorbonne et Assas) et est ancien \u00e9l\u00e8ve de l&#8217;Ecole Nationale d&#8217;Administration (ENA) en France, promotion Ren\u00e9 Cassin (2001-2003). Il a plus d&#8217;une vingtaine d&#8217;ann\u00e9es d&#8217;exp\u00e9rience professionnelle dont dix huit \u00e0 Bruxelles, dans le domaine du conseil et des affaires publiques europ\u00e9ennes (Assoiate pour Schuman Associates).<\/p><p>Il a \u00e9galement occup\u00e9 les fonctions de Directeur g\u00e9n\u00e9ral de PlaNet Finance (Positive PlaNet maintenant) au S\u00e9n\u00e9gal, organisation internationale non-gouvernementale sp\u00e9cialis\u00e9e dans la microfinance et pr\u00e9sid\u00e9e par Jacques Attali. Il a auparavant travaill\u00e9 dans la finance pour Archon France (Goldman Sachs) et Eurostockcity \u00e0 Paris.<\/p><p>Sa sp\u00e9cialisation est la strat\u00e9gie et le d\u00e9veloppement d&#8217;affaires, le financement de projets en Afrique (l&#8217;Union europ\u00e9enne, la BEI, la Banque mondiale, la Banque Africaine de D\u00e9veloppement, les institutions financi\u00e8res des BRICS, les fonds souverains et les fondations mais aussi les private equities), les questions de d\u00e9veloppement et les relations publiques. Il a v\u00e9cu en France, en Afrique, en Belgique mais aussi en Arabie Saoudite dans sa jeunesse. Il a une approche globale et multiculturelle. Ses comp\u00e9tences allient les questions financi\u00e8res, juridiques et \u00e9conomiques \u00e0 une bonne connaissance des d\u00e9cideurs au plus haut niveau (Bruxelles, Paris, et en Afrique) et une capacit\u00e9 \u00e0 nouer une relation de travail avec ces d\u00e9cideurs (Ministres, chefs d&#8217;entreprise, hauts-fonctionnaires, militaires, ambassadeurs etc..) afin de faire avancer leurs projets. Il parle couramment fran\u00e7ais, anglais, et wolof, et comprend un peu l&#8217;arabe, l&#8217;espagnol, et le n\u00e9erlandais.<\/p><p>Il est aussi Pr\u00e9sident l&#8217;ONG RAES, R\u00e9seau Africain d&#8217;Education pour la Sant\u00e9 (<a href=\"http:\/\/www.ongraes.org\/\">www.ongraes.org<\/a>\u00a0)<\/p><p>\u00a0<\/p>\t\t\t\t\t\t\t\t<\/div>\n\t\t\t\t<\/div>\n\t\t\t\t\t<\/div>\n\t\t\t\t<\/div>\n\t\t\t\t<\/div>\n\t\t","protected":false},"excerpt":{"rendered":"<p>Thierno Seydou DIOP Thierno a \u00e9tudi\u00e9 le droit, la science politique et les relations internationales \u00e0 Paris (La Sorbonne et Assas) et est ancien \u00e9l\u00e8ve de l&#8217;Ecole Nationale d&#8217;Administration (ENA) en France, promotion Ren\u00e9 Cassin (2001-2003). Il a plus d&#8217;une vingtaine d&#8217;ann\u00e9es d&#8217;exp\u00e9rience professionnelle dont dix huit \u00e0 Bruxelles, dans le domaine du conseil et [&hellip;]<\/p>\n","protected":false},"featured_media":0,"template":"","meta":{"_acf_changed":false},"class_list":["post-4759","speaker","type-speaker","status-publish","hentry"],"acf":[],"yoast_head":"<!-- This site is optimized with the Yoast SEO plugin v27.5 - https:\/\/yoast.com\/product\/yoast-seo-wordpress\/ -->\n<title>Thierno Seydou DIOP - REBRANDING AFRICA FORUM<\/title>\n<meta name=\"robots\" content=\"index, follow, max-snippet:-1, max-image-preview:large, max-video-preview:-1\" \/>\n<link rel=\"canonical\" href=\"https:\/\/rebranding-africa.com\/nl\/speaker\/thierno-seydou-diop\/\" \/>\n<meta property=\"og:locale\" content=\"nl_BE\" \/>\n<meta property=\"og:type\" content=\"article\" \/>\n<meta property=\"og:title\" content=\"Thierno Seydou DIOP - REBRANDING AFRICA FORUM\" \/>\n<meta property=\"og:description\" content=\"Thierno Seydou DIOP Thierno a \u00e9tudi\u00e9 le droit, la science politique et les relations internationales \u00e0 Paris (La Sorbonne et Assas) et est ancien \u00e9l\u00e8ve de l&#8217;Ecole Nationale d&#8217;Administration (ENA) en France, promotion Ren\u00e9 Cassin (2001-2003). Il a plus d&#8217;une vingtaine d&#8217;ann\u00e9es d&#8217;exp\u00e9rience professionnelle dont dix huit \u00e0 Bruxelles, dans le domaine du conseil et [&hellip;]\" \/>\n<meta property=\"og:url\" content=\"https:\/\/rebranding-africa.com\/nl\/speaker\/thierno-seydou-diop\/\" \/>\n<meta property=\"og:site_name\" content=\"REBRANDING AFRICA FORUM\" \/>\n<meta property=\"article:modified_time\" content=\"2025-09-12T10:33:03+00:00\" \/>\n<meta property=\"og:image\" content=\"https:\/\/rebranding-africa.com\/wp-content\/uploads\/2025\/09\/DIOP.webp\" \/>\n\t<meta property=\"og:image:width\" content=\"768\" \/>\n\t<meta property=\"og:image:height\" content=\"1025\" \/>\n\t<meta property=\"og:image:type\" content=\"image\/webp\" \/>\n<meta name=\"twitter:card\" content=\"summary_large_image\" \/>\n<meta name=\"twitter:label1\" content=\"Geschatte leestijd\" \/>\n\t<meta name=\"twitter:data1\" content=\"2 minuten\" \/>\n<script type=\"application\/ld+json\" class=\"yoast-schema-graph\">{\"@context\":\"https:\\\/\\\/schema.org\",\"@graph\":[{\"@type\":\"WebPage\",\"@id\":\"https:\\\/\\\/rebranding-africa.com\\\/speaker\\\/thierno-seydou-diop\\\/\",\"url\":\"https:\\\/\\\/rebranding-africa.com\\\/speaker\\\/thierno-seydou-diop\\\/\",\"name\":\"Thierno Seydou DIOP - REBRANDING AFRICA FORUM\",\"isPartOf\":{\"@id\":\"https:\\\/\\\/rebranding-africa.com\\\/#website\"},\"primaryImageOfPage\":{\"@id\":\"https:\\\/\\\/rebranding-africa.com\\\/speaker\\\/thierno-seydou-diop\\\/#primaryimage\"},\"image\":{\"@id\":\"https:\\\/\\\/rebranding-africa.com\\\/speaker\\\/thierno-seydou-diop\\\/#primaryimage\"},\"thumbnailUrl\":\"https:\\\/\\\/rebranding-africa.com\\\/wp-content\\\/uploads\\\/2025\\\/09\\\/DIOP.webp\",\"datePublished\":\"2025-09-12T10:27:41+00:00\",\"dateModified\":\"2025-09-12T10:33:03+00:00\",\"breadcrumb\":{\"@id\":\"https:\\\/\\\/rebranding-africa.com\\\/speaker\\\/thierno-seydou-diop\\\/#breadcrumb\"},\"inLanguage\":\"nl-BE\",\"potentialAction\":[{\"@type\":\"ReadAction\",\"target\":[\"https:\\\/\\\/rebranding-africa.com\\\/speaker\\\/thierno-seydou-diop\\\/\"]}]},{\"@type\":\"ImageObject\",\"inLanguage\":\"nl-BE\",\"@id\":\"https:\\\/\\\/rebranding-africa.com\\\/speaker\\\/thierno-seydou-diop\\\/#primaryimage\",\"url\":\"https:\\\/\\\/rebranding-africa.com\\\/wp-content\\\/uploads\\\/2025\\\/09\\\/DIOP.webp\",\"contentUrl\":\"https:\\\/\\\/rebranding-africa.com\\\/wp-content\\\/uploads\\\/2025\\\/09\\\/DIOP.webp\"},{\"@type\":\"BreadcrumbList\",\"@id\":\"https:\\\/\\\/rebranding-africa.com\\\/speaker\\\/thierno-seydou-diop\\\/#breadcrumb\",\"itemListElement\":[{\"@type\":\"ListItem\",\"position\":1,\"name\":\"Accueil\",\"item\":\"https:\\\/\\\/rebranding-africa.com\\\/\"},{\"@type\":\"ListItem\",\"position\":2,\"name\":\"Thierno Seydou DIOP\"}]},{\"@type\":\"WebSite\",\"@id\":\"https:\\\/\\\/rebranding-africa.com\\\/#website\",\"url\":\"https:\\\/\\\/rebranding-africa.com\\\/\",\"name\":\"REBRANDING AFRICA FORUM\",\"description\":\"\",\"publisher\":{\"@id\":\"https:\\\/\\\/rebranding-africa.com\\\/#organization\"},\"potentialAction\":[{\"@type\":\"SearchAction\",\"target\":{\"@type\":\"EntryPoint\",\"urlTemplate\":\"https:\\\/\\\/rebranding-africa.com\\\/?s={search_term_string}\"},\"query-input\":{\"@type\":\"PropertyValueSpecification\",\"valueRequired\":true,\"valueName\":\"search_term_string\"}}],\"inLanguage\":\"nl-BE\"},{\"@type\":\"Organization\",\"@id\":\"https:\\\/\\\/rebranding-africa.com\\\/#organization\",\"name\":\"REBRANDING AFRICA FORUM\",\"url\":\"https:\\\/\\\/rebranding-africa.com\\\/\",\"logo\":{\"@type\":\"ImageObject\",\"inLanguage\":\"nl-BE\",\"@id\":\"https:\\\/\\\/rebranding-africa.com\\\/#\\\/schema\\\/logo\\\/image\\\/\",\"url\":\"https:\\\/\\\/rebranding-africa.com\\\/wp-content\\\/uploads\\\/2025\\\/07\\\/Logo.webp\",\"contentUrl\":\"https:\\\/\\\/rebranding-africa.com\\\/wp-content\\\/uploads\\\/2025\\\/07\\\/Logo.webp\",\"width\":340,\"height\":149,\"caption\":\"REBRANDING AFRICA FORUM\"},\"image\":{\"@id\":\"https:\\\/\\\/rebranding-africa.com\\\/#\\\/schema\\\/logo\\\/image\\\/\"}}]}<\/script>\n<!-- \/ Yoast SEO plugin. -->","yoast_head_json":{"title":"Thierno Seydou DIOP - REBRANDING AFRICA FORUM","robots":{"index":"index","follow":"follow","max-snippet":"max-snippet:-1","max-image-preview":"max-image-preview:large","max-video-preview":"max-video-preview:-1"},"canonical":"https:\/\/rebranding-africa.com\/nl\/speaker\/thierno-seydou-diop\/","og_locale":"nl_BE","og_type":"article","og_title":"Thierno Seydou DIOP - REBRANDING AFRICA FORUM","og_description":"Thierno Seydou DIOP Thierno a \u00e9tudi\u00e9 le droit, la science politique et les relations internationales \u00e0 Paris (La Sorbonne et Assas) et est ancien \u00e9l\u00e8ve de l&#8217;Ecole Nationale d&#8217;Administration (ENA) en France, promotion Ren\u00e9 Cassin (2001-2003). Il a plus d&#8217;une vingtaine d&#8217;ann\u00e9es d&#8217;exp\u00e9rience professionnelle dont dix huit \u00e0 Bruxelles, dans le domaine du conseil et [&hellip;]","og_url":"https:\/\/rebranding-africa.com\/nl\/speaker\/thierno-seydou-diop\/","og_site_name":"REBRANDING AFRICA FORUM","article_modified_time":"2025-09-12T10:33:03+00:00","og_image":[{"width":768,"height":1025,"url":"https:\/\/rebranding-africa.com\/wp-content\/uploads\/2025\/09\/DIOP.webp","type":"image\/webp"}],"twitter_card":"summary_large_image","twitter_misc":{"Geschatte leestijd":"2 minuten"},"schema":{"@context":"https:\/\/schema.org","@graph":[{"@type":"WebPage","@id":"https:\/\/rebranding-africa.com\/speaker\/thierno-seydou-diop\/","url":"https:\/\/rebranding-africa.com\/speaker\/thierno-seydou-diop\/","name":"Thierno Seydou DIOP - REBRANDING AFRICA FORUM","isPartOf":{"@id":"https:\/\/rebranding-africa.com\/#website"},"primaryImageOfPage":{"@id":"https:\/\/rebranding-africa.com\/speaker\/thierno-seydou-diop\/#primaryimage"},"image":{"@id":"https:\/\/rebranding-africa.com\/speaker\/thierno-seydou-diop\/#primaryimage"},"thumbnailUrl":"https:\/\/rebranding-africa.com\/wp-content\/uploads\/2025\/09\/DIOP.webp","datePublished":"2025-09-12T10:27:41+00:00","dateModified":"2025-09-12T10:33:03+00:00","breadcrumb":{"@id":"https:\/\/rebranding-africa.com\/speaker\/thierno-seydou-diop\/#breadcrumb"},"inLanguage":"nl-BE","potentialAction":[{"@type":"ReadAction","target":["https:\/\/rebranding-africa.com\/speaker\/thierno-seydou-diop\/"]}]},{"@type":"ImageObject","inLanguage":"nl-BE","@id":"https:\/\/rebranding-africa.com\/speaker\/thierno-seydou-diop\/#primaryimage","url":"https:\/\/rebranding-africa.com\/wp-content\/uploads\/2025\/09\/DIOP.webp","contentUrl":"https:\/\/rebranding-africa.com\/wp-content\/uploads\/2025\/09\/DIOP.webp"},{"@type":"BreadcrumbList","@id":"https:\/\/rebranding-africa.com\/speaker\/thierno-seydou-diop\/#breadcrumb","itemListElement":[{"@type":"ListItem","position":1,"name":"Accueil","item":"https:\/\/rebranding-africa.com\/"},{"@type":"ListItem","position":2,"name":"Thierno Seydou DIOP"}]},{"@type":"WebSite","@id":"https:\/\/rebranding-africa.com\/#website","url":"https:\/\/rebranding-africa.com\/","name":"REBRANDING AFRICA FORUM","description":"","publisher":{"@id":"https:\/\/rebranding-africa.com\/#organization"},"potentialAction":[{"@type":"SearchAction","target":{"@type":"EntryPoint","urlTemplate":"https:\/\/rebranding-africa.com\/?s={search_term_string}"},"query-input":{"@type":"PropertyValueSpecification","valueRequired":true,"valueName":"search_term_string"}}],"inLanguage":"nl-BE"},{"@type":"Organization","@id":"https:\/\/rebranding-africa.com\/#organization","name":"REBRANDING AFRICA FORUM","url":"https:\/\/rebranding-africa.com\/","logo":{"@type":"ImageObject","inLanguage":"nl-BE","@id":"https:\/\/rebranding-africa.com\/#\/schema\/logo\/image\/","url":"https:\/\/rebranding-africa.com\/wp-content\/uploads\/2025\/07\/Logo.webp","contentUrl":"https:\/\/rebranding-africa.com\/wp-content\/uploads\/2025\/07\/Logo.webp","width":340,"height":149,"caption":"REBRANDING AFRICA FORUM"},"image":{"@id":"https:\/\/rebranding-africa.com\/#\/schema\/logo\/image\/"}}]}},"_links":{"self":[{"href":"https:\/\/rebranding-africa.com\/nl\/wp-json\/wp\/v2\/speaker\/4759","targetHints":{"allow":["GET"]}}],"collection":[{"href":"https:\/\/rebranding-africa.com\/nl\/wp-json\/wp\/v2\/speaker"}],"about":[{"href":"https:\/\/rebranding-africa.com\/nl\/wp-json\/wp\/v2\/types\/speaker"}],"version-history":[{"count":4,"href":"https:\/\/rebranding-africa.com\/nl\/wp-json\/wp\/v2\/speaker\/4759\/revisions"}],"predecessor-version":[{"id":4763,"href":"https:\/\/rebranding-africa.com\/nl\/wp-json\/wp\/v2\/speaker\/4759\/revisions\/4763"}],"wp:attachment":[{"href":"https:\/\/rebranding-africa.com\/nl\/wp-json\/wp\/v2\/media?parent=4759"}],"curies":[{"name":"wp","href":"https:\/\/api.w.org\/{rel}","templated":true}]}}