{"id":4770,"date":"2025-09-12T10:45:12","date_gmt":"2025-09-12T10:45:12","guid":{"rendered":"https:\/\/rebranding-africa.com\/?post_type=speaker&#038;p=4770"},"modified":"2025-09-12T11:04:42","modified_gmt":"2025-09-12T11:04:42","slug":"didier-acouetey","status":"publish","type":"speaker","link":"https:\/\/rebranding-africa.com\/pt\/speaker\/didier-acouetey\/","title":{"rendered":"Didier ACOUETEY"},"content":{"rendered":"\t\t<div data-elementor-type=\"wp-post\" data-elementor-id=\"4770\" class=\"elementor elementor-4770\" data-elementor-post-type=\"speaker\">\n\t\t\t\t<div class=\"elementor-element elementor-element-da8d26e section-1 e-flex e-con-boxed e-con e-parent\" data-id=\"da8d26e\" data-element_type=\"container\" data-e-type=\"container\">\n\t\t\t\t\t<div class=\"e-con-inner\">\n\t\t<div class=\"elementor-element elementor-element-36bfd70 e-con-full e-flex e-con e-child\" data-id=\"36bfd70\" data-element_type=\"container\" data-e-type=\"container\">\n\t\t\t\t<div class=\"elementor-element elementor-element-e70b41f elementor-widget elementor-widget-image\" data-id=\"e70b41f\" data-element_type=\"widget\" data-e-type=\"widget\" data-settings=\"{&quot;sticky&quot;:&quot;top&quot;,&quot;sticky_on&quot;:[&quot;tablet&quot;],&quot;sticky_offset_tablet&quot;:70,&quot;sticky_parent&quot;:&quot;yes&quot;,&quot;sticky_offset&quot;:0,&quot;sticky_effects_offset&quot;:0,&quot;sticky_anchor_link_offset&quot;:0}\" data-widget_type=\"image.default\">\n\t\t\t\t\t\t\t\t\t\t\t\t\t\t\t<img fetchpriority=\"high\" decoding=\"async\" width=\"512\" height=\"512\" src=\"https:\/\/rebranding-africa.com\/wp-content\/uploads\/2025\/09\/avatar.jpeg\" class=\"attachment-large size-large wp-image-4059\" alt=\"\" srcset=\"https:\/\/rebranding-africa.com\/wp-content\/uploads\/2025\/09\/avatar.jpeg 512w, https:\/\/rebranding-africa.com\/wp-content\/uploads\/2025\/09\/elementor\/thumbs\/avatar-rb75096yjvf84lzgsisucfbhjb2gks9jrckpg94ibc.jpeg 300w, https:\/\/rebranding-africa.com\/wp-content\/uploads\/2025\/09\/avatar-150x150.jpeg 150w, https:\/\/rebranding-africa.com\/wp-content\/uploads\/2025\/09\/avatar-200x200.jpeg 200w\" sizes=\"(max-width: 512px) 100vw, 512px\" \/>\t\t\t\t\t\t\t\t\t\t\t\t\t\t\t<\/div>\n\t\t\t\t<\/div>\n\t\t<div class=\"elementor-element elementor-element-2b84e3b e-con-full e-flex e-con e-child\" data-id=\"2b84e3b\" data-element_type=\"container\" data-e-type=\"container\">\n\t\t\t\t<div class=\"elementor-element elementor-element-3150973 titre-section-1 elementor-widget elementor-widget-heading\" data-id=\"3150973\" data-element_type=\"widget\" data-e-type=\"widget\" data-widget_type=\"heading.default\">\n\t\t\t\t\t<h2 class=\"elementor-heading-title elementor-size-default\">Didier ACOUETEY<\/h2>\t\t\t\t<\/div>\n\t\t\t\t<div class=\"elementor-element elementor-element-4e17435 elementor-widget elementor-widget-n-accordion\" data-id=\"4e17435\" data-element_type=\"widget\" data-e-type=\"widget\" data-settings=\"{&quot;default_state&quot;:&quot;all_collapsed&quot;,&quot;max_items_expended&quot;:&quot;one&quot;,&quot;n_accordion_animation_duration&quot;:{&quot;unit&quot;:&quot;ms&quot;,&quot;size&quot;:400,&quot;sizes&quot;:[]}}\" data-widget_type=\"nested-accordion.default\">\n\t\t\t\t\t\t\t<div class=\"e-n-accordion\" aria-label=\"Accordion. Open links with Enter or Space, close with Escape, and navigate with Arrow Keys\">\n\t\t\t\t\t\t<details id=\"e-n-accordion-item-8180\" class=\"e-n-accordion-item\" >\n\t\t\t\t<summary class=\"e-n-accordion-item-title\" data-accordion-index=\"1\" tabindex=\"0\" aria-expanded=\"false\" aria-controls=\"e-n-accordion-item-8180\" >\n\t\t\t\t\t<span class='e-n-accordion-item-title-header'><div class=\"e-n-accordion-item-title-text\"> Didier ACOUETEY est le Pr\u00e9sident du Groupe AfricSearch, <\/div><\/span>\n\t\t\t\t\t\t\t<span class='e-n-accordion-item-title-icon'>\n\t\t\t<span class='e-opened' ><i aria-hidden=\"true\" class=\"material-icons md-keyboard_arrow_up\"><\/i><\/span>\n\t\t\t<span class='e-closed'><i aria-hidden=\"true\" class=\"material-icons md-keyboard_arrow_down\"><\/i><\/span>\n\t\t<\/span>\n\n\t\t\t\t\t\t<\/summary>\n\t\t\t\t<div role=\"region\" aria-labelledby=\"e-n-accordion-item-8180\" class=\"elementor-element elementor-element-77994b2 e-con-full e-flex e-con e-child\" data-id=\"77994b2\" data-element_type=\"container\" data-e-type=\"container\">\n\t\t\t\t<div class=\"elementor-element elementor-element-2aa62a9 text-section-1 elementor-widget elementor-widget-text-editor\" data-id=\"2aa62a9\" data-element_type=\"widget\" data-e-type=\"widget\" data-widget_type=\"text-editor.default\">\n\t\t\t\t\t\t\t\t\t<p>Didier ACOUETEY est le Pr\u00e9sident du Groupe AfricSearch, cabinet sp\u00e9cialis\u00e9 dans la d\u00e9tection de talents et la gestion des ressources humaines pour l\u2019Afrique. Avec plusieurs bureaux en Afrique, AfricSearch est reconnu comme un des premiers cabinets internationaux \u0153uvrant au d\u00e9veloppement des ressources humaines en Afrique et des programmes de renforcement de capacit\u00e9s, tant aupr\u00e8s du secteur priv\u00e9 que des Gouvernements. Avec leur partenaire Alexander Hughes, le groupe dispose d\u2019une cinquantaine de bureaux dans le monde.<\/p>\t\t\t\t\t\t\t\t<\/div>\n\t\t\t\t<\/div>\n\t\t\t\t\t<\/details>\n\t\t\t\t\t\t<details id=\"e-n-accordion-item-8181\" class=\"e-n-accordion-item\" >\n\t\t\t\t<summary class=\"e-n-accordion-item-title\" data-accordion-index=\"2\" tabindex=\"-1\" aria-expanded=\"false\" aria-controls=\"e-n-accordion-item-8181\" >\n\t\t\t\t\t<span class='e-n-accordion-item-title-header'><div class=\"e-n-accordion-item-title-text\"> Membre actif de plusieurs organisations \u0153uvrant au d\u00e9veloppement de l\u2019Afrique <\/div><\/span>\n\t\t\t\t\t\t\t<span class='e-n-accordion-item-title-icon'>\n\t\t\t<span class='e-opened' ><i aria-hidden=\"true\" class=\"material-icons md-keyboard_arrow_up\"><\/i><\/span>\n\t\t\t<span class='e-closed'><i aria-hidden=\"true\" class=\"material-icons md-keyboard_arrow_down\"><\/i><\/span>\n\t\t<\/span>\n\n\t\t\t\t\t\t<\/summary>\n\t\t\t\t<div role=\"region\" aria-labelledby=\"e-n-accordion-item-8181\" class=\"elementor-element elementor-element-6f741cc e-con-full e-flex e-con e-child\" data-id=\"6f741cc\" data-element_type=\"container\" data-e-type=\"container\">\n\t\t\t\t<div class=\"elementor-element elementor-element-5c02290 text-section-1 elementor-widget elementor-widget-text-editor\" data-id=\"5c02290\" data-element_type=\"widget\" data-e-type=\"widget\" data-widget_type=\"text-editor.default\">\n\t\t\t\t\t\t\t\t\t<p>Membre actif de plusieurs organisations \u0153uvrant au d\u00e9veloppement de l\u2019Afrique et promoteur du &#8220;Programme Excellence Jeunes&#8221; qui forme les jeunes leaders Africains, il est \u00e9galement co fondateur de la premi\u00e8re Chambre de Commerce Afrique-Asie du Sud-Est bas\u00e9e \u00e0 Singapour. Il aide ainsi au d\u00e9veloppement de partenariats \u00e9conomiques entre les entreprises et Institutions des deux continents.<\/p>\t\t\t\t\t\t\t\t<\/div>\n\t\t\t\t<\/div>\n\t\t\t\t\t<\/details>\n\t\t\t\t\t\t<details id=\"e-n-accordion-item-8182\" class=\"e-n-accordion-item\" >\n\t\t\t\t<summary class=\"e-n-accordion-item-title\" data-accordion-index=\"3\" tabindex=\"-1\" aria-expanded=\"false\" aria-controls=\"e-n-accordion-item-8182\" >\n\t\t\t\t\t<span class='e-n-accordion-item-title-header'><div class=\"e-n-accordion-item-title-text\"> Il lance en 2014, avec la Banque Africaine de D\u00e9veloppement <\/div><\/span>\n\t\t\t\t\t\t\t<span class='e-n-accordion-item-title-icon'>\n\t\t\t<span class='e-opened' ><i aria-hidden=\"true\" class=\"material-icons md-keyboard_arrow_up\"><\/i><\/span>\n\t\t\t<span class='e-closed'><i aria-hidden=\"true\" class=\"material-icons md-keyboard_arrow_down\"><\/i><\/span>\n\t\t<\/span>\n\n\t\t\t\t\t\t<\/summary>\n\t\t\t\t<div role=\"region\" aria-labelledby=\"e-n-accordion-item-8182\" class=\"elementor-element elementor-element-b492a35 e-con-full e-flex e-con e-child\" data-id=\"b492a35\" data-element_type=\"container\" data-e-type=\"container\">\n\t\t\t\t<div class=\"elementor-element elementor-element-1d4471d text-section-1 elementor-widget elementor-widget-text-editor\" data-id=\"1d4471d\" data-element_type=\"widget\" data-e-type=\"widget\" data-widget_type=\"text-editor.default\">\n\t\t\t\t\t\t\t\t\t<p>Il lance en 2014, avec la Banque Africaine de D\u00e9veloppement, African Guarantee Fund, Ecobank et la SFI, l\u2019Africa SME Champions Forum, 1er forum de financement des PME africaines qui est organis\u00e9 chaque ann\u00e9e dans une capitale africaine. Ce forum permet d\u2019accompagner les futurs champions africains du secteur priv\u00e9.<\/p>\t\t\t\t\t\t\t\t<\/div>\n\t\t\t\t<\/div>\n\t\t\t\t\t<\/details>\n\t\t\t\t\t\t<details id=\"e-n-accordion-item-8183\" class=\"e-n-accordion-item\" >\n\t\t\t\t<summary class=\"e-n-accordion-item-title\" data-accordion-index=\"4\" tabindex=\"-1\" aria-expanded=\"false\" aria-controls=\"e-n-accordion-item-8183\" >\n\t\t\t\t\t<span class='e-n-accordion-item-title-header'><div class=\"e-n-accordion-item-title-text\"> Didier ACOUETEY est \u00e9galement chroniqueur \u00e0 Radio France International (RFI) <\/div><\/span>\n\t\t\t\t\t\t\t<span class='e-n-accordion-item-title-icon'>\n\t\t\t<span class='e-opened' ><i aria-hidden=\"true\" class=\"material-icons md-keyboard_arrow_up\"><\/i><\/span>\n\t\t\t<span class='e-closed'><i aria-hidden=\"true\" class=\"material-icons md-keyboard_arrow_down\"><\/i><\/span>\n\t\t<\/span>\n\n\t\t\t\t\t\t<\/summary>\n\t\t\t\t<div role=\"region\" aria-labelledby=\"e-n-accordion-item-8183\" class=\"elementor-element elementor-element-9d47786 e-con-full e-flex e-con e-child\" data-id=\"9d47786\" data-element_type=\"container\" data-e-type=\"container\">\n\t\t\t\t<div class=\"elementor-element elementor-element-111f74b text-section-1 elementor-widget elementor-widget-text-editor\" data-id=\"111f74b\" data-element_type=\"widget\" data-e-type=\"widget\" data-widget_type=\"text-editor.default\">\n\t\t\t\t\t\t\t\t\t<p>Didier ACOUETEY est \u00e9galement chroniqueur \u00e0 Radio France International (RFI) sur les probl\u00e9matiques de Formation-Emploi et de cr\u00e9ation d\u2019entreprises en Afrique.<br \/>Titulaire d\u2019un MBA de l\u2019\u00c9cole Sup\u00e9rieure de Commerce de Paris, de deux troisi\u00e8mes cycles en Commerce international et en marketing industriel, il a particip\u00e9 \u00e0 plusieurs cycles de perfectionnement de haut niveau en management dans diff\u00e9rentes universit\u00e9s internationales dont la Harvard Business School.<\/p>\t\t\t\t\t\t\t\t<\/div>\n\t\t\t\t<\/div>\n\t\t\t\t\t<\/details>\n\t\t\t\t\t<\/div>\n\t\t\t\t\t\t<\/div>\n\t\t\t\t<\/div>\n\t\t\t\t\t<\/div>\n\t\t\t\t<\/div>\n\t\t\t\t<\/div>\n\t\t","protected":false},"excerpt":{"rendered":"<p>Didier ACOUETEY Didier ACOUETEY est le Pr\u00e9sident du Groupe AfricSearch, Didier ACOUETEY est le Pr\u00e9sident du Groupe AfricSearch, cabinet sp\u00e9cialis\u00e9 dans la d\u00e9tection de talents et la gestion des ressources humaines pour l\u2019Afrique. Avec plusieurs bureaux en Afrique, AfricSearch est reconnu comme un des premiers cabinets internationaux \u0153uvrant au d\u00e9veloppement des ressources humaines en Afrique [&hellip;]<\/p>\n","protected":false},"featured_media":0,"template":"","meta":{"_acf_changed":false},"class_list":["post-4770","speaker","type-speaker","status-publish","hentry"],"acf":[],"yoast_head":"<!-- This site is optimized with the Yoast SEO plugin v27.5 - https:\/\/yoast.com\/product\/yoast-seo-wordpress\/ -->\n<title>Didier ACOUETEY - REBRANDING AFRICA FORUM<\/title>\n<meta name=\"robots\" content=\"index, follow, max-snippet:-1, max-image-preview:large, max-video-preview:-1\" \/>\n<link rel=\"canonical\" href=\"https:\/\/rebranding-africa.com\/pt\/speaker\/didier-acouetey\/\" \/>\n<meta property=\"og:locale\" content=\"pt_PT\" \/>\n<meta property=\"og:type\" content=\"article\" \/>\n<meta property=\"og:title\" content=\"Didier ACOUETEY - REBRANDING AFRICA FORUM\" \/>\n<meta property=\"og:description\" content=\"Didier ACOUETEY Didier ACOUETEY est le Pr\u00e9sident du Groupe AfricSearch, Didier ACOUETEY est le Pr\u00e9sident du Groupe AfricSearch, cabinet sp\u00e9cialis\u00e9 dans la d\u00e9tection de talents et la gestion des ressources humaines pour l\u2019Afrique. Avec plusieurs bureaux en Afrique, AfricSearch est reconnu comme un des premiers cabinets internationaux \u0153uvrant au d\u00e9veloppement des ressources humaines en Afrique [&hellip;]\" \/>\n<meta property=\"og:url\" content=\"https:\/\/rebranding-africa.com\/pt\/speaker\/didier-acouetey\/\" \/>\n<meta property=\"og:site_name\" content=\"REBRANDING AFRICA FORUM\" \/>\n<meta property=\"article:modified_time\" content=\"2025-09-12T11:04:42+00:00\" \/>\n<meta property=\"og:image\" content=\"https:\/\/rebranding-africa.com\/wp-content\/uploads\/2025\/09\/avatar.jpeg\" \/>\n\t<meta property=\"og:image:width\" content=\"512\" \/>\n\t<meta property=\"og:image:height\" content=\"512\" \/>\n\t<meta property=\"og:image:type\" content=\"image\/jpeg\" \/>\n<meta name=\"twitter:card\" content=\"summary_large_image\" \/>\n<meta name=\"twitter:label1\" content=\"Tempo estimado de leitura\" \/>\n\t<meta name=\"twitter:data1\" content=\"3 minutos\" \/>\n<script type=\"application\/ld+json\" class=\"yoast-schema-graph\">{\"@context\":\"https:\\\/\\\/schema.org\",\"@graph\":[{\"@type\":\"WebPage\",\"@id\":\"https:\\\/\\\/rebranding-africa.com\\\/speaker\\\/didier-acouetey\\\/\",\"url\":\"https:\\\/\\\/rebranding-africa.com\\\/speaker\\\/didier-acouetey\\\/\",\"name\":\"Didier ACOUETEY - REBRANDING AFRICA FORUM\",\"isPartOf\":{\"@id\":\"https:\\\/\\\/rebranding-africa.com\\\/#website\"},\"primaryImageOfPage\":{\"@id\":\"https:\\\/\\\/rebranding-africa.com\\\/speaker\\\/didier-acouetey\\\/#primaryimage\"},\"image\":{\"@id\":\"https:\\\/\\\/rebranding-africa.com\\\/speaker\\\/didier-acouetey\\\/#primaryimage\"},\"thumbnailUrl\":\"https:\\\/\\\/rebranding-africa.com\\\/wp-content\\\/uploads\\\/2025\\\/09\\\/avatar.jpeg\",\"datePublished\":\"2025-09-12T10:45:12+00:00\",\"dateModified\":\"2025-09-12T11:04:42+00:00\",\"breadcrumb\":{\"@id\":\"https:\\\/\\\/rebranding-africa.com\\\/speaker\\\/didier-acouetey\\\/#breadcrumb\"},\"inLanguage\":\"pt-PT\",\"potentialAction\":[{\"@type\":\"ReadAction\",\"target\":[\"https:\\\/\\\/rebranding-africa.com\\\/speaker\\\/didier-acouetey\\\/\"]}]},{\"@type\":\"ImageObject\",\"inLanguage\":\"pt-PT\",\"@id\":\"https:\\\/\\\/rebranding-africa.com\\\/speaker\\\/didier-acouetey\\\/#primaryimage\",\"url\":\"https:\\\/\\\/rebranding-africa.com\\\/wp-content\\\/uploads\\\/2025\\\/09\\\/avatar.jpeg\",\"contentUrl\":\"https:\\\/\\\/rebranding-africa.com\\\/wp-content\\\/uploads\\\/2025\\\/09\\\/avatar.jpeg\"},{\"@type\":\"BreadcrumbList\",\"@id\":\"https:\\\/\\\/rebranding-africa.com\\\/speaker\\\/didier-acouetey\\\/#breadcrumb\",\"itemListElement\":[{\"@type\":\"ListItem\",\"position\":1,\"name\":\"Accueil\",\"item\":\"https:\\\/\\\/rebranding-africa.com\\\/\"},{\"@type\":\"ListItem\",\"position\":2,\"name\":\"Didier ACOUETEY\"}]},{\"@type\":\"WebSite\",\"@id\":\"https:\\\/\\\/rebranding-africa.com\\\/#website\",\"url\":\"https:\\\/\\\/rebranding-africa.com\\\/\",\"name\":\"REBRANDING AFRICA FORUM\",\"description\":\"\",\"publisher\":{\"@id\":\"https:\\\/\\\/rebranding-africa.com\\\/#organization\"},\"potentialAction\":[{\"@type\":\"SearchAction\",\"target\":{\"@type\":\"EntryPoint\",\"urlTemplate\":\"https:\\\/\\\/rebranding-africa.com\\\/?s={search_term_string}\"},\"query-input\":{\"@type\":\"PropertyValueSpecification\",\"valueRequired\":true,\"valueName\":\"search_term_string\"}}],\"inLanguage\":\"pt-PT\"},{\"@type\":\"Organization\",\"@id\":\"https:\\\/\\\/rebranding-africa.com\\\/#organization\",\"name\":\"REBRANDING AFRICA FORUM\",\"url\":\"https:\\\/\\\/rebranding-africa.com\\\/\",\"logo\":{\"@type\":\"ImageObject\",\"inLanguage\":\"pt-PT\",\"@id\":\"https:\\\/\\\/rebranding-africa.com\\\/#\\\/schema\\\/logo\\\/image\\\/\",\"url\":\"https:\\\/\\\/rebranding-africa.com\\\/wp-content\\\/uploads\\\/2025\\\/07\\\/Logo.webp\",\"contentUrl\":\"https:\\\/\\\/rebranding-africa.com\\\/wp-content\\\/uploads\\\/2025\\\/07\\\/Logo.webp\",\"width\":340,\"height\":149,\"caption\":\"REBRANDING AFRICA FORUM\"},\"image\":{\"@id\":\"https:\\\/\\\/rebranding-africa.com\\\/#\\\/schema\\\/logo\\\/image\\\/\"}}]}<\/script>\n<!-- \/ Yoast SEO plugin. -->","yoast_head_json":{"title":"Didier ACOUETEY - REBRANDING AFRICA FORUM","robots":{"index":"index","follow":"follow","max-snippet":"max-snippet:-1","max-image-preview":"max-image-preview:large","max-video-preview":"max-video-preview:-1"},"canonical":"https:\/\/rebranding-africa.com\/pt\/speaker\/didier-acouetey\/","og_locale":"pt_PT","og_type":"article","og_title":"Didier ACOUETEY - REBRANDING AFRICA FORUM","og_description":"Didier ACOUETEY Didier ACOUETEY est le Pr\u00e9sident du Groupe AfricSearch, Didier ACOUETEY est le Pr\u00e9sident du Groupe AfricSearch, cabinet sp\u00e9cialis\u00e9 dans la d\u00e9tection de talents et la gestion des ressources humaines pour l\u2019Afrique. Avec plusieurs bureaux en Afrique, AfricSearch est reconnu comme un des premiers cabinets internationaux \u0153uvrant au d\u00e9veloppement des ressources humaines en Afrique [&hellip;]","og_url":"https:\/\/rebranding-africa.com\/pt\/speaker\/didier-acouetey\/","og_site_name":"REBRANDING AFRICA FORUM","article_modified_time":"2025-09-12T11:04:42+00:00","og_image":[{"width":512,"height":512,"url":"https:\/\/rebranding-africa.com\/wp-content\/uploads\/2025\/09\/avatar.jpeg","type":"image\/jpeg"}],"twitter_card":"summary_large_image","twitter_misc":{"Tempo estimado de leitura":"3 minutos"},"schema":{"@context":"https:\/\/schema.org","@graph":[{"@type":"WebPage","@id":"https:\/\/rebranding-africa.com\/speaker\/didier-acouetey\/","url":"https:\/\/rebranding-africa.com\/speaker\/didier-acouetey\/","name":"Didier ACOUETEY - REBRANDING AFRICA FORUM","isPartOf":{"@id":"https:\/\/rebranding-africa.com\/#website"},"primaryImageOfPage":{"@id":"https:\/\/rebranding-africa.com\/speaker\/didier-acouetey\/#primaryimage"},"image":{"@id":"https:\/\/rebranding-africa.com\/speaker\/didier-acouetey\/#primaryimage"},"thumbnailUrl":"https:\/\/rebranding-africa.com\/wp-content\/uploads\/2025\/09\/avatar.jpeg","datePublished":"2025-09-12T10:45:12+00:00","dateModified":"2025-09-12T11:04:42+00:00","breadcrumb":{"@id":"https:\/\/rebranding-africa.com\/speaker\/didier-acouetey\/#breadcrumb"},"inLanguage":"pt-PT","potentialAction":[{"@type":"ReadAction","target":["https:\/\/rebranding-africa.com\/speaker\/didier-acouetey\/"]}]},{"@type":"ImageObject","inLanguage":"pt-PT","@id":"https:\/\/rebranding-africa.com\/speaker\/didier-acouetey\/#primaryimage","url":"https:\/\/rebranding-africa.com\/wp-content\/uploads\/2025\/09\/avatar.jpeg","contentUrl":"https:\/\/rebranding-africa.com\/wp-content\/uploads\/2025\/09\/avatar.jpeg"},{"@type":"BreadcrumbList","@id":"https:\/\/rebranding-africa.com\/speaker\/didier-acouetey\/#breadcrumb","itemListElement":[{"@type":"ListItem","position":1,"name":"Accueil","item":"https:\/\/rebranding-africa.com\/"},{"@type":"ListItem","position":2,"name":"Didier ACOUETEY"}]},{"@type":"WebSite","@id":"https:\/\/rebranding-africa.com\/#website","url":"https:\/\/rebranding-africa.com\/","name":"REBRANDING AFRICA FORUM","description":"","publisher":{"@id":"https:\/\/rebranding-africa.com\/#organization"},"potentialAction":[{"@type":"SearchAction","target":{"@type":"EntryPoint","urlTemplate":"https:\/\/rebranding-africa.com\/?s={search_term_string}"},"query-input":{"@type":"PropertyValueSpecification","valueRequired":true,"valueName":"search_term_string"}}],"inLanguage":"pt-PT"},{"@type":"Organization","@id":"https:\/\/rebranding-africa.com\/#organization","name":"REBRANDING AFRICA FORUM","url":"https:\/\/rebranding-africa.com\/","logo":{"@type":"ImageObject","inLanguage":"pt-PT","@id":"https:\/\/rebranding-africa.com\/#\/schema\/logo\/image\/","url":"https:\/\/rebranding-africa.com\/wp-content\/uploads\/2025\/07\/Logo.webp","contentUrl":"https:\/\/rebranding-africa.com\/wp-content\/uploads\/2025\/07\/Logo.webp","width":340,"height":149,"caption":"REBRANDING AFRICA FORUM"},"image":{"@id":"https:\/\/rebranding-africa.com\/#\/schema\/logo\/image\/"}}]}},"_links":{"self":[{"href":"https:\/\/rebranding-africa.com\/pt\/wp-json\/wp\/v2\/speaker\/4770","targetHints":{"allow":["GET"]}}],"collection":[{"href":"https:\/\/rebranding-africa.com\/pt\/wp-json\/wp\/v2\/speaker"}],"about":[{"href":"https:\/\/rebranding-africa.com\/pt\/wp-json\/wp\/v2\/types\/speaker"}],"version-history":[{"count":4,"href":"https:\/\/rebranding-africa.com\/pt\/wp-json\/wp\/v2\/speaker\/4770\/revisions"}],"predecessor-version":[{"id":4775,"href":"https:\/\/rebranding-africa.com\/pt\/wp-json\/wp\/v2\/speaker\/4770\/revisions\/4775"}],"wp:attachment":[{"href":"https:\/\/rebranding-africa.com\/pt\/wp-json\/wp\/v2\/media?parent=4770"}],"curies":[{"name":"wp","href":"https:\/\/api.w.org\/{rel}","templated":true}]}}